{"id":759770,"date":"2023-08-29T14:52:38","date_gmt":"2023-08-29T12:52:38","guid":{"rendered":"https:\/\/www.milk-food.de\/service-4\/"},"modified":"2026-06-30T11:31:56","modified_gmt":"2026-06-30T09:31:56","slug":"service","status":"publish","type":"page","link":"https:\/\/www.milk-food.de\/en\/service\/","title":{"rendered":"Services"},"content":{"rendered":"\n<h1 class=\"wp-block-heading has-scribble-animation--scribble-circle-4 has-scribble-animation--scribble-underline-wave-2 has-scribble-animation--scribble-underline-wave-3 has-3-xl-font-size\" id=\"h-services-fur-food-brands-strategy-amp-innovation-identity-amp-packaging-design-und-activation-amp-growth\" style=\"font-style:normal;font-weight:300\"><span class=\"scribble-animation-target\">Services<\/span> for food brands: Strategy &amp; <span class=\"scribble-animation-target\">Innovation<\/span>, Identity &amp; Packaging <span class=\"scribble-animation-target\">Design<\/span> and Activation &amp; Growth.<\/h1>\n\n<div class=\"milk-services-infographic alignwide wp-block-milk-services-infographic\">\n    <section class=\"services-hero\">\n        <div class=\"services-circles\">\n                            <div class=\"service-circle-wrapper\" data-index=\"0\">\n                    <div class=\"service-circle\">\n                        <span class=\"service-circle__title\">\n                            <a href=\"#explore\">\n                                EXPLORE                            <\/a>\n                        <\/span>\n                        <p class=\"service-circle__text\">Strategy &amp; Innovation<\/p>\n                    <\/div>\n                <\/div>\n                            <div class=\"service-circle-wrapper\" data-index=\"1\">\n                    <div class=\"service-circle\">\n                        <span class=\"service-circle__title\">\n                            <a href=\"#create\">\n                                CREATE                            <\/a>\n                        <\/span>\n                        <p class=\"service-circle__text\">Identity &amp; Design<\/p>\n                    <\/div>\n                <\/div>\n                            <div class=\"service-circle-wrapper\" data-index=\"2\">\n                    <div class=\"service-circle\">\n                        <span class=\"service-circle__title\">\n                            <a href=\"#activate\">\n                                Activate                            <\/a>\n                        <\/span>\n                        <p class=\"service-circle__text\">Activation &amp; Growth<\/p>\n                    <\/div>\n                <\/div>\n                    <\/div>\n\n                    <div class=\"process-flow\">\n                <span>Insight<\/span>\n                <div class=\"arrow-line\">\n                    <div class=\"arrow\"><\/div>\n                <\/div>\n                <span>Idea<\/span>\n                <div class=\"arrow-line\">\n                    <div class=\"arrow\"><\/div>\n                <\/div>\n                <span>Launch<\/span>\n            <\/div>\n            <\/section>\n<\/div>\n\n<div class=\"wp-block-group is-layout-constrained wp-block-group-is-layout-constrained\" style=\"padding-top:var(--wp--preset--spacing--60)\">\n<p class=\"has-larger-font-size wp-block-paragraph\">We provide holistic support for food and beverage brands: from strategic brand and innovation work to identity and packaging design to activation at all relevant touchpoints. This results in services that do not stand side by side, but work together as a clear process. <\/p>\n\n\n\n<div class=\"wp-block-buttons is-layout-flex wp-block-buttons-is-layout-flex\">\n<div class=\"wp-block-button is-style-rounded-with-icon\"><a class=\"wp-block-button__link wp-element-button\" href=\"https:\/\/www.milk-food.de\/en\/contact\/\">Request a project<\/a><\/div>\n<\/div>\n<\/div>\n\n<div style=\"margin-bottom:var(--wp--preset--spacing--70)\" class=\"anchor-navigation wp-block-milk-anchor-navigation is-layout-flow wp-block-milk-anchor-navigation-is-layout-flow\">\n    <div class=\"anchor-navigation__layout\">\n        <aside class=\"anchor-navigation__sidebar\">\n                                    <button class=\"anchor-navigation__mobile-toggle\" aria-expanded=\"false\" aria-controls=\"anchor-nav-11\">\n                <span class=\"anchor-navigation__mobile-toggle-label\">\n                                            <span class=\"anchor-navigation__mobile-toggle-prefix\">Our Process<\/span>\n                                        <span class=\"anchor-navigation__mobile-toggle-current js-anchor-active-label\" data-hide-prefix=\"false\">: EXPLORE<\/span>\n                <\/span>\n                <svg width=\"24\" height=\"24\" viewBox=\"0 0 24 24\" fill=\"none\" xmlns=\"http:\/\/www.w3.org\/2000\/svg\" class=\"icon-chevron-down\">\n                    <path d=\"M6 9L12 15L18 9\" stroke=\"currentColor\" stroke-width=\"2\" stroke-linecap=\"round\" stroke-linejoin=\"round\"\/>\n                <\/svg>\n            <\/button>\n            <nav class=\"anchor-navigation__nav\"\n                 id=\"anchor-nav-11\"\n                 data-base-label=\"Our Process\"\n                 aria-label=\"Our Process\">\n                <ol>\n                                                                                                    <li class=\"headline-h2\">\n                                <a href=\"#explore\">\n                                    <span class=\"_line-effect\">EXPLORE<\/span>\n                                <\/a>\n                            <\/li>\n                                                                                                                            <li class=\"headline-h2\">\n                                <a href=\"#create\">\n                                    <span class=\"_line-effect\">CREATE<\/span>\n                                <\/a>\n                            <\/li>\n                                                                                                                            <li class=\"headline-h2\">\n                                <a href=\"#activate\">\n                                    <span class=\"_line-effect\">ACTIVATE<\/span>\n                                <\/a>\n                            <\/li>\n                                                            <\/ol>\n            <\/nav>\n        <\/aside>\n        <div class=\"anchor-navigation__content\">\n            \n\n<h2 data-wp-context---core-fit-text=\"core\/fit-text::{&quot;fontSize&quot;:&quot;&quot;}\" data-wp-init---core-fit-text=\"core\/fit-text::callbacks.init\" data-wp-interactive data-wp-style--font-size=\"core\/fit-text::context.fontSize\" class=\"wp-block-heading has-scribble-animation--scribble-underline-wave-1 has-fit-text has-sans-serif-font-family\" id=\"explore\"><span class=\"scribble-animation-target\">EXPLORE<\/span> <\/h2>\n\n\n\n<h3 class=\"wp-block-heading has-scribble-animation--scribble-underline-4 has-larger-font-size\" style=\"font-style:normal;font-weight:100\">The strategic basis for <span class=\"scribble-animation-target\">relevant<\/span> brands, marketable products and well-founded decisions.<\/h3>\n\n\n            <div class=\"grid grid--nested grid--2er\">\n                                    <div class=\"grid__item grid__item--compact post-630523 project type-project status-publish has-post-thumbnail hentry project_food-confectionery project_client-b2c-en project_type-create\">\n                        <article id=\"kitkat-mini-mix\"\n         class=\"teaser-post teaser-post--layout-filled-square teaser-post--layout-filled-square-limitless teaser-post--size-square teaser--triggered teaser--slide-out\">\n    <a href=\"https:\/\/www.milk-food.de\/en\/project\/kitkat-mini-mix\/\" class=\"teaser-post__link\">\n        <div class=\"teaser-post__image-wrapper _animate-in-triggered _animate-in--slide-far _animate-in--fade color-layer color-layer--overlay color-layer--theme-dark\">\n            <img loading=\"lazy\" width=\"1000\" height=\"1000\" src=\"https:\/\/www.milk-food.de\/wp-content\/uploads\/2021\/12\/MILK-Nestle-Mini-MIX-01-V3-1000x1000.jpg\" class=\"teaser-post__image wp-post-image\" alt=\"\" srcset=\"https:\/\/www.milk-food.de\/wp-content\/uploads\/2021\/12\/MILK-Nestle-Mini-MIX-01-V3-1000x1000.jpg 1000w, https:\/\/www.milk-food.de\/wp-content\/uploads\/2021\/12\/MILK-Nestle-Mini-MIX-01-V3-480x480.jpg 480w, https:\/\/www.milk-food.de\/wp-content\/uploads\/2021\/12\/MILK-Nestle-Mini-MIX-01-V3-720x720.jpg 720w\" sizes=\"auto, (max-width: 1000px) 100vw, 1000px\" \/>        <\/div>\n\n                <div class=\"teaser-post__content teaser-post__content--has-excerpt _animate-in-triggered _animate-in--slide-far _animate-in--fade\">\n                        <div class=\"teaser-post__title\"><span class=\"_line-effect\">KitKat mini<\/span><\/div>\n                            <p class=\"teaser-post__excerpt\">One bag. Five varieties. A colorful break.  <\/p>\n                    <\/div>\n    <\/a>\n<\/article>\n                    <\/div>\n                                    <div class=\"grid__item grid__item--compact post-747755 project type-project status-publish has-post-thumbnail hentry project_food-oil-vinegar-fats project_client-b2c-en project_type-create\">\n                        <article id=\"laetta-margarine\"\n         class=\"teaser-post teaser-post--layout-filled-square teaser-post--layout-filled-square-limitless teaser-post--size-square teaser--triggered teaser--slide-out\">\n    <a href=\"https:\/\/www.milk-food.de\/en\/project\/laetta-margarine\/\" class=\"teaser-post__link\">\n        <div class=\"teaser-post__image-wrapper _animate-in-triggered _animate-in--slide-far _animate-in--fade color-layer color-layer--overlay color-layer--theme-dark\">\n            <img loading=\"lazy\" width=\"1000\" height=\"1000\" src=\"https:\/\/www.milk-food.de\/wp-content\/uploads\/2023\/05\/Laetta_Slider03_2560x1440-1000x1000.jpg\" class=\"teaser-post__image wp-post-image\" alt=\"\" srcset=\"https:\/\/www.milk-food.de\/wp-content\/uploads\/2023\/05\/Laetta_Slider03_2560x1440-1000x1000.jpg 1000w, https:\/\/www.milk-food.de\/wp-content\/uploads\/2023\/05\/Laetta_Slider03_2560x1440-480x480.jpg 480w, https:\/\/www.milk-food.de\/wp-content\/uploads\/2023\/05\/Laetta_Slider03_2560x1440-720x720.jpg 720w\" sizes=\"auto, (max-width: 1000px) 100vw, 1000px\" \/>        <\/div>\n\n                <div class=\"teaser-post__content teaser-post__content--has-excerpt _animate-in-triggered _animate-in--slide-far _animate-in--fade\">\n                        <div class=\"teaser-post__title\"><span class=\"_line-effect\">L\u00e4tta<\/span><\/div>\n                            <p class=\"teaser-post__excerpt\">Light. Loose. Yum.  <\/p>\n                    <\/div>\n    <\/a>\n<\/article>\n                    <\/div>\n                            <\/div>\n        \n\n\n<div data-wp-context=\"{ &quot;autoclose&quot;: false, &quot;accordionItems&quot;: [] }\" data-wp-interactive=\"core\/accordion\" role=\"group\" class=\"wp-block-accordion is-layout-flow wp-block-accordion-is-layout-flow\">\n<div data-wp-class--is-open=\"state.isOpen\" data-wp-context=\"{ &quot;id&quot;: &quot;accordion-item-2&quot;, &quot;openByDefault&quot;: false }\" data-wp-init=\"callbacks.initAccordionItems\" data-wp-on-window--hashchange=\"callbacks.hashChange\" class=\"wp-block-accordion-item is-layout-flow wp-block-accordion-item-is-layout-flow\">\n<h4 class=\"wp-block-accordion-heading\"><button aria-expanded=\"false\" aria-controls=\"accordion-item-2-panel\" data-wp-bind--aria-expanded=\"state.isOpen\" data-wp-on--click=\"actions.toggle\" data-wp-on--keydown=\"actions.handleKeyDown\" id=\"accordion-item-2\" type=\"button\" class=\"wp-block-accordion-heading__toggle\"><span class=\"wp-block-accordion-heading__toggle-title\">Brand development &#038; strategy<\/span><span class=\"wp-block-accordion-heading__toggle-icon\" aria-hidden=\"true\">+<\/span><\/button><\/h4>\n\n\n\n<div inert aria-labelledby=\"accordion-item-2\" data-wp-bind--inert=\"!state.isOpen\" id=\"accordion-item-2-panel\" role=\"region\" class=\"wp-block-accordion-panel is-layout-flow wp-block-accordion-panel-is-layout-flow\">\n<p class=\"wp-block-paragraph\">We develop positioning, brand strategy, identity, story and packaging strategy for food brands that differentiate themselves and have a long-term impact.<\/p>\n\n\n\n<div class=\"wp-block-buttons is-layout-flex wp-block-buttons-is-layout-flex\">\n<div class=\"wp-block-button\"><a class=\"wp-block-button__link wp-element-button\" href=\"https:\/\/www.milk-food.de\/en\/service\/brand-development-agency\/\">Brand development &amp; strategy<\/a><\/div>\n<\/div>\n<\/div>\n<\/div>\n\n\n\n<div data-wp-class--is-open=\"state.isOpen\" data-wp-context=\"{ &quot;id&quot;: &quot;accordion-item-3&quot;, &quot;openByDefault&quot;: false }\" data-wp-init=\"callbacks.initAccordionItems\" data-wp-on-window--hashchange=\"callbacks.hashChange\" class=\"wp-block-accordion-item is-layout-flow wp-block-accordion-item-is-layout-flow\">\n<h4 class=\"wp-block-accordion-heading\"><button aria-expanded=\"false\" aria-controls=\"accordion-item-3-panel\" data-wp-bind--aria-expanded=\"state.isOpen\" data-wp-on--click=\"actions.toggle\" data-wp-on--keydown=\"actions.handleKeyDown\" id=\"accordion-item-3\" type=\"button\" class=\"wp-block-accordion-heading__toggle\"><span class=\"wp-block-accordion-heading__toggle-title\">Product development &#038; innovation<\/span><span class=\"wp-block-accordion-heading__toggle-icon\" aria-hidden=\"true\">+<\/span><\/button><\/h4>\n\n\n\n<div inert aria-labelledby=\"accordion-item-3\" data-wp-bind--inert=\"!state.isOpen\" id=\"accordion-item-3-panel\" role=\"region\" class=\"wp-block-accordion-panel is-layout-flow wp-block-accordion-panel-is-layout-flow\">\n<p class=\"wp-block-paragraph\">We accompany food innovations from the initial idea through conception, innovation workshops and creative kitchen prototyping to the market-ready solution.<\/p>\n\n\n\n<div class=\"wp-block-buttons is-layout-flex wp-block-buttons-is-layout-flex\">\n<div class=\"wp-block-button\"><a class=\"wp-block-button__link wp-element-button\" href=\"https:\/\/www.milk-food.de\/en\/service\/product-development-innovations\/\">Product development &amp; innovations<\/a><\/div>\n<\/div>\n<\/div>\n<\/div>\n\n\n\n<div data-wp-class--is-open=\"state.isOpen\" data-wp-context=\"{ &quot;id&quot;: &quot;accordion-item-4&quot;, &quot;openByDefault&quot;: false }\" data-wp-init=\"callbacks.initAccordionItems\" data-wp-on-window--hashchange=\"callbacks.hashChange\" class=\"wp-block-accordion-item is-layout-flow wp-block-accordion-item-is-layout-flow\">\n<h4 class=\"wp-block-accordion-heading\"><button aria-expanded=\"false\" aria-controls=\"accordion-item-4-panel\" data-wp-bind--aria-expanded=\"state.isOpen\" data-wp-on--click=\"actions.toggle\" data-wp-on--keydown=\"actions.handleKeyDown\" id=\"accordion-item-4\" type=\"button\" class=\"wp-block-accordion-heading__toggle\"><span class=\"wp-block-accordion-heading__toggle-title\">Market research &#038; shelf test<\/span><span class=\"wp-block-accordion-heading__toggle-icon\" aria-hidden=\"true\">+<\/span><\/button><\/h4>\n\n\n\n<div inert aria-labelledby=\"accordion-item-4\" data-wp-bind--inert=\"!state.isOpen\" id=\"accordion-item-4-panel\" role=\"region\" class=\"wp-block-accordion-panel is-layout-flow wp-block-accordion-panel-is-layout-flow\">\n<p class=\"wp-block-paragraph\">We create sound consumer Insights through focus groups, in-depth interviews, shelf tests, human-centered design and AI-supported research approaches for brand, product and packaging.<\/p>\n\n\n\n<div class=\"wp-block-buttons is-layout-flex wp-block-buttons-is-layout-flex\">\n<div class=\"wp-block-button\"><a class=\"wp-block-button__link wp-element-button\" href=\"https:\/\/www.milk-food.de\/en\/service\/market-research-shelf-test\/\">Market research &amp; shelf test<\/a><\/div>\n<\/div>\n<\/div>\n<\/div>\n<\/div>\n\n\n\n<h2 data-wp-context---core-fit-text=\"core\/fit-text::{&quot;fontSize&quot;:&quot;&quot;}\" data-wp-init---core-fit-text=\"core\/fit-text::callbacks.init\" data-wp-interactive data-wp-style--font-size=\"core\/fit-text::context.fontSize\" class=\"wp-block-heading has-scribble-animation--scribble-underline-4 has-fit-text has-sans-serif-font-family\" id=\"create\" style=\"border-style:none;border-width:0px;margin-top:var(--wp--preset--spacing--80);margin-right:0;margin-bottom:0;margin-left:0\"><span class=\"scribble-animation-target\">CREATE<\/span><\/h2>\n\n\n\n<h3 class=\"wp-block-heading has-scribble-animation--scribble-underline-wave-2 has-larger-font-size\" style=\"font-style:normal;font-weight:100\">We translate strategy into visible <span class=\"scribble-animation-target\">brand identity<\/span>, packaging and sustainable packaging solutions.<\/h3>\n\n\n            <div class=\"grid grid--nested grid--2er\">\n                                    <div class=\"grid__item grid__item--compact post-836247 project type-project status-publish has-post-thumbnail hentry project_food-bread-and-baked-goods project_client-b2c-en project_type-create\">\n                        <article id=\"lieken-golden-toast\"\n         class=\"teaser-post teaser-post--layout-filled-square teaser-post--layout-filled-square-limitless teaser-post--size-square teaser--triggered teaser--slide-out\">\n    <a href=\"https:\/\/www.milk-food.de\/en\/project\/lieken-golden-toast\/\" class=\"teaser-post__link\">\n        <div class=\"teaser-post__image-wrapper _animate-in-triggered _animate-in--slide-far _animate-in--fade color-layer color-layer--overlay color-layer--theme-dark\">\n            <img loading=\"lazy\" width=\"1000\" height=\"1000\" src=\"https:\/\/www.milk-food.de\/wp-content\/uploads\/2024\/11\/UPDATE_GOLDEN-TOAST_2560x1440_LAY_20240916-Wiederhergestellt_03-A-1000x1000.jpg\" class=\"teaser-post__image wp-post-image\" alt=\"Food Packaging Design Agentur Umsetzungsbeispiel - Golden Toast Packung\" srcset=\"https:\/\/www.milk-food.de\/wp-content\/uploads\/2024\/11\/UPDATE_GOLDEN-TOAST_2560x1440_LAY_20240916-Wiederhergestellt_03-A-1000x1000.jpg 1000w, https:\/\/www.milk-food.de\/wp-content\/uploads\/2024\/11\/UPDATE_GOLDEN-TOAST_2560x1440_LAY_20240916-Wiederhergestellt_03-A-480x480.jpg 480w, https:\/\/www.milk-food.de\/wp-content\/uploads\/2024\/11\/UPDATE_GOLDEN-TOAST_2560x1440_LAY_20240916-Wiederhergestellt_03-A-720x720.jpg 720w\" sizes=\"auto, (max-width: 1000px) 100vw, 1000px\" \/>        <\/div>\n\n                <div class=\"teaser-post__content teaser-post__content--has-excerpt _animate-in-triggered _animate-in--slide-far _animate-in--fade\">\n                        <div class=\"teaser-post__title\"><span class=\"_line-effect\">Golden Toast<\/span><\/div>\n                            <p class=\"teaser-post__excerpt\">Shelf impact that makes you shine.<\/p>\n                    <\/div>\n    <\/a>\n<\/article>\n                    <\/div>\n                                    <div class=\"grid__item grid__item--compact post-844323 project type-project status-publish has-post-thumbnail hentry project_food-spices-delicatessen project_client-b2c-en project_type-create\">\n                        <article id=\"hela\"\n         class=\"teaser-post teaser-post--layout-filled-square teaser-post--layout-filled-square-limitless teaser-post--size-square teaser--triggered teaser--slide-out\">\n    <a href=\"https:\/\/www.milk-food.de\/en\/project\/hela\/\" class=\"teaser-post__link\">\n        <div class=\"teaser-post__image-wrapper _animate-in-triggered _animate-in--slide-far _animate-in--fade color-layer color-layer--overlay color-layer--theme-dark\">\n            <img loading=\"lazy\" width=\"1000\" height=\"1000\" src=\"https:\/\/www.milk-food.de\/wp-content\/uploads\/2025\/07\/MILK-EG_HELA_120Jahre_2048x1152_01-1000x1000.jpg\" class=\"teaser-post__image wp-post-image\" alt=\"\" srcset=\"https:\/\/www.milk-food.de\/wp-content\/uploads\/2025\/07\/MILK-EG_HELA_120Jahre_2048x1152_01-1000x1000.jpg 1000w, https:\/\/www.milk-food.de\/wp-content\/uploads\/2025\/07\/MILK-EG_HELA_120Jahre_2048x1152_01-480x480.jpg 480w, https:\/\/www.milk-food.de\/wp-content\/uploads\/2025\/07\/MILK-EG_HELA_120Jahre_2048x1152_01-720x720.jpg 720w\" sizes=\"auto, (max-width: 1000px) 100vw, 1000px\" \/>        <\/div>\n\n                <div class=\"teaser-post__content teaser-post__content--has-excerpt _animate-in-triggered _animate-in--slide-far _animate-in--fade\">\n                        <div class=\"teaser-post__title\"><span class=\"_line-effect\">Hela<\/span><\/div>\n                            <p class=\"teaser-post__excerpt\">120 years of Hela &#8211; an anniversary you can touch.<\/p>\n                    <\/div>\n    <\/a>\n<\/article>\n                    <\/div>\n                            <\/div>\n        \n\n\n<div data-wp-context=\"{ &quot;autoclose&quot;: false, &quot;accordionItems&quot;: [] }\" data-wp-interactive=\"core\/accordion\" role=\"group\" class=\"wp-block-accordion is-layout-flow wp-block-accordion-is-layout-flow\">\n<div data-wp-class--is-open=\"state.isOpen\" data-wp-context=\"{ &quot;id&quot;: &quot;accordion-item-5&quot;, &quot;openByDefault&quot;: false }\" data-wp-init=\"callbacks.initAccordionItems\" data-wp-on-window--hashchange=\"callbacks.hashChange\" class=\"wp-block-accordion-item is-layout-flow wp-block-accordion-item-is-layout-flow\">\n<h4 class=\"wp-block-accordion-heading\"><button aria-expanded=\"false\" aria-controls=\"accordion-item-5-panel\" data-wp-bind--aria-expanded=\"state.isOpen\" data-wp-on--click=\"actions.toggle\" data-wp-on--keydown=\"actions.handleKeyDown\" id=\"accordion-item-5\" type=\"button\" class=\"wp-block-accordion-heading__toggle\"><span class=\"wp-block-accordion-heading__toggle-title\">Food Branding &#038; Corporate Design<\/span><span class=\"wp-block-accordion-heading__toggle-icon\" aria-hidden=\"true\">+<\/span><\/button><\/h4>\n\n\n\n<div inert aria-labelledby=\"accordion-item-5\" data-wp-bind--inert=\"!state.isOpen\" id=\"accordion-item-5-panel\" role=\"region\" class=\"wp-block-accordion-panel is-layout-flow wp-block-accordion-panel-is-layout-flow\">\n<p class=\"wp-block-paragraph\">We develop visual identities for food brands &#8211; with a clear brand impact, consistent design and a design system for all touchpoints.<\/p>\n\n\n\n<div class=\"wp-block-buttons is-layout-flex wp-block-buttons-is-layout-flex\">\n<div class=\"wp-block-button\"><a class=\"wp-block-button__link wp-element-button\" href=\"https:\/\/www.milk-food.de\/en\/service\/food-branding-corporate-design\/\">Food Branding &amp; Corporate Design<\/a><\/div>\n<\/div>\n<\/div>\n<\/div>\n\n\n\n<div data-wp-class--is-open=\"state.isOpen\" data-wp-context=\"{ &quot;id&quot;: &quot;accordion-item-6&quot;, &quot;openByDefault&quot;: false }\" data-wp-init=\"callbacks.initAccordionItems\" data-wp-on-window--hashchange=\"callbacks.hashChange\" class=\"wp-block-accordion-item is-layout-flow wp-block-accordion-item-is-layout-flow\">\n<h4 class=\"wp-block-accordion-heading\"><button aria-expanded=\"false\" aria-controls=\"accordion-item-6-panel\" data-wp-bind--aria-expanded=\"state.isOpen\" data-wp-on--click=\"actions.toggle\" data-wp-on--keydown=\"actions.handleKeyDown\" id=\"accordion-item-6\" type=\"button\" class=\"wp-block-accordion-heading__toggle\"><span class=\"wp-block-accordion-heading__toggle-title\">Food Packaging Design<\/span><span class=\"wp-block-accordion-heading__toggle-icon\" aria-hidden=\"true\">+<\/span><\/button><\/h4>\n\n\n\n<div inert aria-labelledby=\"accordion-item-6\" data-wp-bind--inert=\"!state.isOpen\" id=\"accordion-item-6-panel\" role=\"region\" class=\"wp-block-accordion-panel is-layout-flow wp-block-accordion-panel-is-layout-flow\">\n<p class=\"wp-block-paragraph\">We design packaging with shelf impact, clear product range logic, strong imagery and final artwork for production-ready implementation.<\/p>\n\n\n\n<div class=\"wp-block-buttons is-layout-flex wp-block-buttons-is-layout-flex\">\n<div class=\"wp-block-button\"><a class=\"wp-block-button__link wp-element-button\" href=\"https:\/\/www.milk-food.de\/en\/service\/food-packaging-design\/\">Food Packaging Design<\/a><\/div>\n<\/div>\n<\/div>\n<\/div>\n\n\n\n<div data-wp-class--is-open=\"state.isOpen\" data-wp-context=\"{ &quot;id&quot;: &quot;accordion-item-7&quot;, &quot;openByDefault&quot;: false }\" data-wp-init=\"callbacks.initAccordionItems\" data-wp-on-window--hashchange=\"callbacks.hashChange\" class=\"wp-block-accordion-item is-layout-flow wp-block-accordion-item-is-layout-flow\">\n<h4 class=\"wp-block-accordion-heading\"><button aria-expanded=\"false\" aria-controls=\"accordion-item-7-panel\" data-wp-bind--aria-expanded=\"state.isOpen\" data-wp-on--click=\"actions.toggle\" data-wp-on--keydown=\"actions.handleKeyDown\" id=\"accordion-item-7\" type=\"button\" class=\"wp-block-accordion-heading__toggle\"><span class=\"wp-block-accordion-heading__toggle-title\">Sustainable packaging advice<\/span><span class=\"wp-block-accordion-heading__toggle-icon\" aria-hidden=\"true\">+<\/span><\/button><\/h4>\n\n\n\n<div inert aria-labelledby=\"accordion-item-7\" data-wp-bind--inert=\"!state.isOpen\" id=\"accordion-item-7-panel\" role=\"region\" class=\"wp-block-accordion-panel is-layout-flow wp-block-accordion-panel-is-layout-flow\">\n<p class=\"wp-block-paragraph\">We support food brands with sustainable packaging solutions between material strategy, regulation, PPWR, EmpCo and digital product passport.<\/p>\n\n\n\n<div class=\"wp-block-buttons is-layout-flex wp-block-buttons-is-layout-flex\">\n<div class=\"wp-block-button\"><a class=\"wp-block-button__link wp-element-button\" href=\"https:\/\/www.milk-food.de\/en\/service\/sustainable-packaging-advice\/\">Sustainable packaging advice<\/a><\/div>\n<\/div>\n<\/div>\n<\/div>\n<\/div>\n\n\n\n<h2 data-wp-context---core-fit-text=\"core\/fit-text::{&quot;fontSize&quot;:&quot;&quot;}\" data-wp-init---core-fit-text=\"core\/fit-text::callbacks.init\" data-wp-interactive data-wp-style--font-size=\"core\/fit-text::context.fontSize\" class=\"wp-block-heading has-scribble-animation--scribble-underline-wave-2 has-fit-text has-sans-serif-font-family\" id=\"activate\" style=\"margin-top:var(--wp--preset--spacing--80);margin-bottom:0\"><span class=\"scribble-animation-target\">ACTIVATE<\/span><\/h2>\n\n\n\n<h3 class=\"wp-block-heading has-scribble-animation--scribble-underline-wave-2 has-larger-font-size\" style=\"font-style:normal;font-weight:100\">We <span class=\"scribble-animation-target\">activate<\/span> brands in the market and translate strategy and design into visibility, demand and growth.<\/h3>\n\n\n            <div class=\"grid grid--nested grid--2er\">\n                                    <div class=\"grid__item grid__item--compact post-827799 project type-project status-publish has-post-thumbnail hentry project_food-non-alcoholic-drinks project_client-b2c-en project_type-create\">\n                        <article id=\"the-limo-relaunch\"\n         class=\"teaser-post teaser-post--layout-filled-square teaser-post--layout-filled-square-limitless teaser-post--size-square teaser--triggered teaser--slide-out\">\n    <a href=\"https:\/\/www.milk-food.de\/en\/project\/the-limo-relaunch\/\" class=\"teaser-post__link\">\n        <div class=\"teaser-post__image-wrapper _animate-in-triggered _animate-in--slide-far _animate-in--fade color-layer color-layer--overlay color-layer--theme-dark\">\n            <img loading=\"lazy\" width=\"1000\" height=\"1000\" src=\"https:\/\/www.milk-food.de\/wp-content\/uploads\/2024\/04\/MILK-EG_DieLimo_Redesign_2024-Design-03-1000x1000.jpg\" class=\"teaser-post__image wp-post-image\" alt=\"Food Packaging Design Agentur Beispiel - Die Limo\" srcset=\"https:\/\/www.milk-food.de\/wp-content\/uploads\/2024\/04\/MILK-EG_DieLimo_Redesign_2024-Design-03-1000x1000.jpg 1000w, https:\/\/www.milk-food.de\/wp-content\/uploads\/2024\/04\/MILK-EG_DieLimo_Redesign_2024-Design-03-480x480.jpg 480w, https:\/\/www.milk-food.de\/wp-content\/uploads\/2024\/04\/MILK-EG_DieLimo_Redesign_2024-Design-03-720x720.jpg 720w\" sizes=\"auto, (max-width: 1000px) 100vw, 1000px\" \/>        <\/div>\n\n                <div class=\"teaser-post__content teaser-post__content--has-excerpt _animate-in-triggered _animate-in--slide-far _animate-in--fade\">\n                        <div class=\"teaser-post__title\"><span class=\"_line-effect\">The limo<\/span><\/div>\n                            <p class=\"teaser-post__excerpt\">Real fruit for real lemonade enjoyment.<\/p>\n                    <\/div>\n    <\/a>\n<\/article>\n                    <\/div>\n                                    <div class=\"grid__item grid__item--compact post-844779 project type-project status-publish has-post-thumbnail hentry project_food-convenience-en project_food-fruit-vegetables project_client-b2c-en project_type-explore project_type-create project_type-activate\">\n                        <article id=\"fruucs\"\n         class=\"teaser-post teaser-post--layout-filled-square teaser-post--layout-filled-square-limitless teaser-post--size-square teaser--triggered teaser--slide-out\">\n    <a href=\"https:\/\/www.milk-food.de\/en\/project\/fruucs\/\" class=\"teaser-post__link\">\n        <div class=\"teaser-post__image-wrapper _animate-in-triggered _animate-in--slide-far _animate-in--fade color-layer color-layer--overlay color-layer--theme-dark\">\n            <img loading=\"lazy\" width=\"1000\" height=\"1000\" src=\"https:\/\/www.milk-food.de\/wp-content\/uploads\/2025\/07\/MILK-EG_FRUUCS_2048x1152_04-1000x1000.jpg\" class=\"teaser-post__image wp-post-image\" alt=\"\" srcset=\"https:\/\/www.milk-food.de\/wp-content\/uploads\/2025\/07\/MILK-EG_FRUUCS_2048x1152_04-1000x1000.jpg 1000w, https:\/\/www.milk-food.de\/wp-content\/uploads\/2025\/07\/MILK-EG_FRUUCS_2048x1152_04-480x480.jpg 480w, https:\/\/www.milk-food.de\/wp-content\/uploads\/2025\/07\/MILK-EG_FRUUCS_2048x1152_04-720x720.jpg 720w\" sizes=\"auto, (max-width: 1000px) 100vw, 1000px\" \/>        <\/div>\n\n                <div class=\"teaser-post__content teaser-post__content--has-excerpt _animate-in-triggered _animate-in--slide-far _animate-in--fade\">\n                        <div class=\"teaser-post__title\"><span class=\"_line-effect\">FRUUCS<\/span><\/div>\n                            <p class=\"teaser-post__excerpt\">100% pure fruit.<\/p>\n                    <\/div>\n    <\/a>\n<\/article>\n                    <\/div>\n                            <\/div>\n        \n\n\n<div data-wp-context=\"{ &quot;autoclose&quot;: false, &quot;accordionItems&quot;: [] }\" data-wp-interactive=\"core\/accordion\" role=\"group\" class=\"wp-block-accordion alignwide is-layout-flow wp-block-accordion-is-layout-flow\">\n<div data-wp-class--is-open=\"state.isOpen\" data-wp-context=\"{ &quot;id&quot;: &quot;accordion-item-8&quot;, &quot;openByDefault&quot;: false }\" data-wp-init=\"callbacks.initAccordionItems\" data-wp-on-window--hashchange=\"callbacks.hashChange\" class=\"wp-block-accordion-item is-layout-flow wp-block-accordion-item-is-layout-flow\">\n<h4 class=\"wp-block-accordion-heading\"><button aria-expanded=\"false\" aria-controls=\"accordion-item-8-panel\" data-wp-bind--aria-expanded=\"state.isOpen\" data-wp-on--click=\"actions.toggle\" data-wp-on--keydown=\"actions.handleKeyDown\" id=\"accordion-item-8\" type=\"button\" class=\"wp-block-accordion-heading__toggle\"><span class=\"wp-block-accordion-heading__toggle-title\">Food Marketing<\/span><span class=\"wp-block-accordion-heading__toggle-icon\" aria-hidden=\"true\">+<\/span><\/button><\/h4>\n\n\n\n<div inert aria-labelledby=\"accordion-item-8\" data-wp-bind--inert=\"!state.isOpen\" id=\"accordion-item-8-panel\" role=\"region\" class=\"wp-block-accordion-panel is-layout-flow wp-block-accordion-panel-is-layout-flow\">\n<p class=\"wp-block-paragraph\">We conceive, design and implement marketing measures for food brands &#8211; from campaigns and content to activating communication formats along relevant touchpoints.<\/p>\n\n\n\n<div class=\"wp-block-buttons is-layout-flex wp-block-buttons-is-layout-flex\">\n<div class=\"wp-block-button\"><a class=\"wp-block-button__link wp-element-button\" href=\"https:\/\/www.milk-food.de\/en\/service\/food-marketing\/\">Food Marketing<\/a><\/div>\n<\/div>\n<\/div>\n<\/div>\n\n\n\n<div data-wp-class--is-open=\"state.isOpen\" data-wp-context=\"{ &quot;id&quot;: &quot;accordion-item-9&quot;, &quot;openByDefault&quot;: false }\" data-wp-init=\"callbacks.initAccordionItems\" data-wp-on-window--hashchange=\"callbacks.hashChange\" class=\"wp-block-accordion-item is-layout-flow wp-block-accordion-item-is-layout-flow\">\n<h4 class=\"wp-block-accordion-heading\"><button aria-expanded=\"false\" aria-controls=\"accordion-item-9-panel\" data-wp-bind--aria-expanded=\"state.isOpen\" data-wp-on--click=\"actions.toggle\" data-wp-on--keydown=\"actions.handleKeyDown\" id=\"accordion-item-9\" type=\"button\" class=\"wp-block-accordion-heading__toggle\"><span class=\"wp-block-accordion-heading__toggle-title\">POS Marketing<\/span><span class=\"wp-block-accordion-heading__toggle-icon\" aria-hidden=\"true\">+<\/span><\/button><\/h4>\n\n\n\n<div inert aria-labelledby=\"accordion-item-9\" data-wp-bind--inert=\"!state.isOpen\" id=\"accordion-item-9-panel\" role=\"region\" class=\"wp-block-accordion-panel is-layout-flow wp-block-accordion-panel-is-layout-flow\">\n<p class=\"wp-block-paragraph\">We develop activating measures for the point of sale that make brands visible in retail, trigger buying impulses and support sales in a targeted manner.<\/p>\n\n\n\n<div class=\"wp-block-buttons is-layout-flex wp-block-buttons-is-layout-flex\">\n<div class=\"wp-block-button\"><a class=\"wp-block-button__link wp-element-button\" href=\"https:\/\/www.milk-food.de\/en\/service\/pos-marketing\/\">POS Marketing<\/a><\/div>\n<\/div>\n<\/div>\n<\/div>\n\n\n\n<div data-wp-class--is-open=\"state.isOpen\" data-wp-context=\"{ &quot;id&quot;: &quot;accordion-item-10&quot;, &quot;openByDefault&quot;: false }\" data-wp-init=\"callbacks.initAccordionItems\" data-wp-on-window--hashchange=\"callbacks.hashChange\" class=\"wp-block-accordion-item is-layout-flow wp-block-accordion-item-is-layout-flow\">\n<h4 class=\"wp-block-accordion-heading\"><button aria-expanded=\"false\" aria-controls=\"accordion-item-10-panel\" data-wp-bind--aria-expanded=\"state.isOpen\" data-wp-on--click=\"actions.toggle\" data-wp-on--keydown=\"actions.handleKeyDown\" id=\"accordion-item-10\" type=\"button\" class=\"wp-block-accordion-heading__toggle\"><span class=\"wp-block-accordion-heading__toggle-title\">Search Marketing<\/span><span class=\"wp-block-accordion-heading__toggle-icon\" aria-hidden=\"true\">+<\/span><\/button><\/h4>\n\n\n\n<div inert aria-labelledby=\"accordion-item-10\" data-wp-bind--inert=\"!state.isOpen\" id=\"accordion-item-10-panel\" role=\"region\" class=\"wp-block-accordion-panel is-layout-flow wp-block-accordion-panel-is-layout-flow\">\n<p class=\"wp-block-paragraph\">We strengthen the visibility of food brands in search engines and AI-supported search systems &#8211; with SEO, SEA and search-oriented content for more reach, demand and qualified contacts.<\/p>\n\n\n\n<div class=\"wp-block-buttons is-layout-flex wp-block-buttons-is-layout-flex\">\n<div class=\"wp-block-button\"><a class=\"wp-block-button__link wp-element-button\" href=\"https:\/\/www.milk-food.de\/en\/service\/search-marketing-food\/\">Search Marketing Food<\/a><\/div>\n<\/div>\n<\/div>\n<\/div>\n<\/div>\n\n        <\/div>\n    <\/div>\n<\/div>\n    <aside id=\"\"\n           class=\"contact\">\n\t\t            <div class=\"contact__title\">This is how you get in touch with us via e-mail or phone.<\/div>\n\t\t\n        <div class=\"contact__grid\">\n\t\t\t\n            <div class=\"contact__details\">\n\t\t\t\t\n\t\t\t\t                    <a class=\"contact__item\" href=\"mailto:h&#101;&#108;&#108;&#111;&#64;m&#105;&#108;&#107;-fo&#111;d.&#100;e\"\n                       target=\"_blank\">\n                            <span class=\"contact__icon icon\">\n                                <svg xmlns=\"http:\/\/www.w3.org\/2000\/svg\" height=\"24\" viewBox=\"0 0 24 24\" width=\"24\">\n    <path fill=\"currentColor\"\n          d=\"M20 4H4c-1.1 0-1.99.9-1.99 2L2 18c0 1.1.9 2 2 2h16c1.1 0 2-.9 2-2V6c0-1.1-.9-2-2-2zm0 4l-8 5-8-5V6l8 5 8-5v2z\"\/>\n<\/svg>\n                            <\/span>\n                        <span class=\"contact__label\">\n                          &#104;&#101;&#108;l&#111;&#64;&#109;&#105;l&#107;&#45;&#102;&#111;o&#100;&#46;de                        <\/span>\n                    <\/a>\n\t\t\t\t\n\t\t\t\t                    <a class=\"contact__item\"\n                       href=\"tel:+496980087170\"\n                       target=\"_blank\">\n                        <span class=\"contact__icon icon\">\n                            <svg xmlns=\"http:\/\/www.w3.org\/2000\/svg\" height=\"24\" viewBox=\"0 0 24 24\" width=\"24\">\n    <path fill=\"currentColor\"\n          d=\"M6.62 10.79c1.44 2.83 3.76 5.14 6.59 6.59l2.2-2.2c.27-.27.67-.36 1.02-.24 1.12.37 2.33.57 3.57.57.55 0 1 .45 1 1V20c0 .55-.45 1-1 1-9.39 0-17-7.61-17-17 0-.55.45-1 1-1h3.5c.55 0 1 .45 1 1 0 1.25.2 2.45.57 3.57.11.35.03.74-.25 1.02l-2.2 2.2z\"\/>\n<\/svg>\n                        <\/span>\n                        <span class=\"contact__label\">\n                            +49-69-8008717-0                        <\/span>\n                    <\/a>\n\t\t\t\t\n\t\t\t\t                        <a class=\"contact__item\"\n                           onclick=\"Calendly.showPopupWidget('https:\/\/calendly.com\/katrinleukroth');return false;\"\n                           href=\"https:\/\/calendly.com\/katrinleukroth\"\n                           rel=\"noopener\" target=\"_blank\">\n                            <span class=\"contact__icon icon\">\n                                <svg xmlns=\"http:\/\/www.w3.org\/2000\/svg\" height=\"24px\" viewBox=\"0 0 24 24\" width=\"24px\" fill=\"#000000\"><path d=\"M0 0h24v24H0V0z\" fill=\"none\"\/><path d=\"M19 3h-1V1h-2v2H8V1H6v2H5c-1.11 0-1.99.9-1.99 2L3 19c0 1.1.89 2 2 2h14c1.1 0 2-.9 2-2V5c0-1.1-.9-2-2-2zm0 16H5V9h14v10zm0-12H5V5h14v2zm-2 5h-5v5h5v-5z\"\/><\/svg>\n                            <\/span>\n                                                            <span class=\"contact__label\">Schedule a meeting<\/span>\n                                                    <\/a>\n\n                        <link href=\"https:\/\/calendly.com\/assets\/external\/widget.css\" rel=\"stylesheet\">\n                        <script src=\"https:\/\/calendly.com\/assets\/external\/widget.js\" type=\"text\/javascript\"><\/script>\n                                                <\/div>\n        <\/div>\n    <\/aside>\n    <section style=\"margin-bottom:0;margin-top:0;--logos-per-row: 6\" class=\"logos _width-full alignwide logos-theme--dark wp-block-acf-logos\" data-component=\"logos\">\n        <div class=\"wrapper alignwide\">\n            \n            <div class=\"logos__grid\">\n                                    <div class=\"logos__item\">\n                        <img loading=\"lazy\" width=\"1\" height=\"1\" src=\"https:\/\/www.milk-food.de\/wp-content\/uploads\/2023\/08\/Logos_White-Rotkaeppchen_mumm.svg\" class=\"logos__image\" alt=\"\" \/>                    <\/div>\n                                    <div class=\"logos__item\">\n                        <img loading=\"lazy\" width=\"960\" height=\"960\" src=\"https:\/\/www.milk-food.de\/wp-content\/uploads\/2026\/05\/Goodmills-Logo-weiss-960x960.png\" class=\"logos__image\" alt=\"\" srcset=\"https:\/\/www.milk-food.de\/wp-content\/uploads\/2026\/05\/Goodmills-Logo-weiss-960x960.png 960w, https:\/\/www.milk-food.de\/wp-content\/uploads\/2026\/05\/Goodmills-Logo-weiss-480x480.png 480w, https:\/\/www.milk-food.de\/wp-content\/uploads\/2026\/05\/Goodmills-Logo-weiss-768x768.png 768w, https:\/\/www.milk-food.de\/wp-content\/uploads\/2026\/05\/Goodmills-Logo-weiss-200x200.png 200w, https:\/\/www.milk-food.de\/wp-content\/uploads\/2026\/05\/Goodmills-Logo-weiss-1000x1000.png 1000w, https:\/\/www.milk-food.de\/wp-content\/uploads\/2026\/05\/Goodmills-Logo-weiss-720x720.png 720w, https:\/\/www.milk-food.de\/wp-content\/uploads\/2026\/05\/Goodmills-Logo-weiss.png 1250w\" sizes=\"auto, (max-width: 960px) 100vw, 960px\" \/>                    <\/div>\n                                    <div class=\"logos__item\">\n                        <img loading=\"lazy\" width=\"300\" height=\"300\" src=\"https:\/\/www.milk-food.de\/wp-content\/uploads\/2025\/05\/Bad-Heilbrunner-Logo-weiss-1.png\" class=\"logos__image\" alt=\"\" srcset=\"https:\/\/www.milk-food.de\/wp-content\/uploads\/2025\/05\/Bad-Heilbrunner-Logo-weiss-1.png 300w, https:\/\/www.milk-food.de\/wp-content\/uploads\/2025\/05\/Bad-Heilbrunner-Logo-weiss-1-200x200.png 200w\" sizes=\"auto, (max-width: 300px) 100vw, 300px\" \/>                    <\/div>\n                                    <div class=\"logos__item\">\n                        <img loading=\"lazy\" width=\"300\" height=\"300\" src=\"https:\/\/www.milk-food.de\/wp-content\/uploads\/2025\/05\/Kuehne-Logo-weiss.png\" class=\"logos__image\" alt=\"\" srcset=\"https:\/\/www.milk-food.de\/wp-content\/uploads\/2025\/05\/Kuehne-Logo-weiss.png 300w, https:\/\/www.milk-food.de\/wp-content\/uploads\/2025\/05\/Kuehne-Logo-weiss-200x200.png 200w\" sizes=\"auto, (max-width: 300px) 100vw, 300px\" \/>                    <\/div>\n                                    <div class=\"logos__item\">\n                        <img loading=\"lazy\" width=\"1\" height=\"1\" src=\"https:\/\/www.milk-food.de\/wp-content\/uploads\/2023\/08\/Logos_White-RitterSport.svg\" class=\"logos__image\" alt=\"\" \/>                    <\/div>\n                                    <div class=\"logos__item\">\n                        <img loading=\"lazy\" width=\"300\" height=\"300\" src=\"https:\/\/www.milk-food.de\/wp-content\/uploads\/2025\/05\/Tchibo-Logo-weiss-1.png\" class=\"logos__image\" alt=\"\" srcset=\"https:\/\/www.milk-food.de\/wp-content\/uploads\/2025\/05\/Tchibo-Logo-weiss-1.png 300w, https:\/\/www.milk-food.de\/wp-content\/uploads\/2025\/05\/Tchibo-Logo-weiss-1-200x200.png 200w\" sizes=\"auto, (max-width: 300px) 100vw, 300px\" \/>                    <\/div>\n                                    <div class=\"logos__item\">\n                        <img loading=\"lazy\" width=\"1\" height=\"1\" src=\"https:\/\/www.milk-food.de\/wp-content\/uploads\/2024\/03\/Logos_White-Lieken-01.svg\" class=\"logos__image\" alt=\"\" \/>                    <\/div>\n                                    <div class=\"logos__item\">\n                        <img loading=\"lazy\" width=\"300\" height=\"300\" src=\"https:\/\/www.milk-food.de\/wp-content\/uploads\/2025\/05\/Rama-Logo-weiss.png\" class=\"logos__image\" alt=\"\" srcset=\"https:\/\/www.milk-food.de\/wp-content\/uploads\/2025\/05\/Rama-Logo-weiss.png 300w, https:\/\/www.milk-food.de\/wp-content\/uploads\/2025\/05\/Rama-Logo-weiss-200x200.png 200w\" sizes=\"auto, (max-width: 300px) 100vw, 300px\" \/>                    <\/div>\n                                    <div class=\"logos__item _hidden-mobile\">\n                        <img loading=\"lazy\" width=\"300\" height=\"300\" src=\"https:\/\/www.milk-food.de\/wp-content\/uploads\/2025\/05\/The-Green-Mountain-Logo-weiss-1.png\" class=\"logos__image\" alt=\"\" srcset=\"https:\/\/www.milk-food.de\/wp-content\/uploads\/2025\/05\/The-Green-Mountain-Logo-weiss-1.png 300w, https:\/\/www.milk-food.de\/wp-content\/uploads\/2025\/05\/The-Green-Mountain-Logo-weiss-1-200x200.png 200w\" sizes=\"auto, (max-width: 300px) 100vw, 300px\" \/>                    <\/div>\n                                    <div class=\"logos__item _hidden-mobile\">\n                        <img loading=\"lazy\" width=\"300\" height=\"300\" src=\"https:\/\/www.milk-food.de\/wp-content\/uploads\/2025\/05\/Voeslauer-Logo-weiss.png\" class=\"logos__image\" alt=\"\" srcset=\"https:\/\/www.milk-food.de\/wp-content\/uploads\/2025\/05\/Voeslauer-Logo-weiss.png 300w, https:\/\/www.milk-food.de\/wp-content\/uploads\/2025\/05\/Voeslauer-Logo-weiss-200x200.png 200w\" sizes=\"auto, (max-width: 300px) 100vw, 300px\" \/>                    <\/div>\n                                    <div class=\"logos__item _hidden-mobile\">\n                        <img loading=\"lazy\" width=\"1\" height=\"1\" src=\"https:\/\/www.milk-food.de\/wp-content\/uploads\/2023\/08\/Logos_White-Nestle.svg\" class=\"logos__image\" alt=\"\" \/>                    <\/div>\n                                    <div class=\"logos__item _hidden-mobile\">\n                        <img loading=\"lazy\" width=\"1\" height=\"1\" src=\"https:\/\/www.milk-food.de\/wp-content\/uploads\/2023\/08\/Logos_White-Unilever.svg\" class=\"logos__image\" alt=\"\" \/>                    <\/div>\n                                    <div class=\"logos__item _hidden-mobile\">\n                        <img loading=\"lazy\" width=\"300\" height=\"300\" src=\"https:\/\/www.milk-food.de\/wp-content\/uploads\/2025\/05\/Brita-Logo-weiss.png\" class=\"logos__image\" alt=\"\" srcset=\"https:\/\/www.milk-food.de\/wp-content\/uploads\/2025\/05\/Brita-Logo-weiss.png 300w, https:\/\/www.milk-food.de\/wp-content\/uploads\/2025\/05\/Brita-Logo-weiss-200x200.png 200w\" sizes=\"auto, (max-width: 300px) 100vw, 300px\" \/>                    <\/div>\n                                    <div class=\"logos__item _hidden-mobile\">\n                        <img loading=\"lazy\" width=\"1\" height=\"1\" src=\"https:\/\/www.milk-food.de\/wp-content\/uploads\/2023\/08\/Logos_White-Ferrero.svg\" class=\"logos__image\" alt=\"\" \/>                    <\/div>\n                                    <div class=\"logos__item _hidden-mobile\">\n                        <img loading=\"lazy\" width=\"1\" height=\"1\" src=\"https:\/\/www.milk-food.de\/wp-content\/uploads\/2023\/08\/Logos_White-Birkel.svg\" class=\"logos__image\" alt=\"\" \/>                    <\/div>\n                                    <div class=\"logos__item _hidden-mobile\">\n                        <img loading=\"lazy\" width=\"1\" height=\"1\" src=\"https:\/\/www.milk-food.de\/wp-content\/uploads\/2023\/08\/Logos_White-Transgourmet.svg\" class=\"logos__image\" alt=\"\" \/>                    <\/div>\n                                    <div class=\"logos__item _hidden-mobile\">\n                        <img loading=\"lazy\" width=\"1\" height=\"1\" src=\"https:\/\/www.milk-food.de\/wp-content\/uploads\/2023\/08\/Logos_White-Delverde.svg\" class=\"logos__image\" alt=\"\" \/>                    <\/div>\n                                    <div class=\"logos__item _hidden-mobile\">\n                        <img loading=\"lazy\" width=\"300\" height=\"300\" src=\"https:\/\/www.milk-food.de\/wp-content\/uploads\/2025\/05\/Hela-Logo-weiss.png\" class=\"logos__image\" alt=\"\" srcset=\"https:\/\/www.milk-food.de\/wp-content\/uploads\/2025\/05\/Hela-Logo-weiss.png 300w, https:\/\/www.milk-food.de\/wp-content\/uploads\/2025\/05\/Hela-Logo-weiss-200x200.png 200w\" sizes=\"auto, (max-width: 300px) 100vw, 300px\" \/>                    <\/div>\n                                    <div class=\"logos__item _hidden-mobile\">\n                        <img loading=\"lazy\" width=\"300\" height=\"300\" src=\"https:\/\/www.milk-food.de\/wp-content\/uploads\/2025\/05\/Koelln-Logo-weiss.png\" class=\"logos__image\" alt=\"\" srcset=\"https:\/\/www.milk-food.de\/wp-content\/uploads\/2025\/05\/Koelln-Logo-weiss.png 300w, https:\/\/www.milk-food.de\/wp-content\/uploads\/2025\/05\/Koelln-Logo-weiss-200x200.png 200w\" sizes=\"auto, (max-width: 300px) 100vw, 300px\" \/>                    <\/div>\n                                    <div class=\"logos__item _hidden-mobile\">\n                        <img loading=\"lazy\" width=\"300\" height=\"300\" src=\"https:\/\/www.milk-food.de\/wp-content\/uploads\/2025\/05\/Rossmann-Logo-weiss.png\" class=\"logos__image\" alt=\"\" srcset=\"https:\/\/www.milk-food.de\/wp-content\/uploads\/2025\/05\/Rossmann-Logo-weiss.png 300w, https:\/\/www.milk-food.de\/wp-content\/uploads\/2025\/05\/Rossmann-Logo-weiss-200x200.png 200w\" sizes=\"auto, (max-width: 300px) 100vw, 300px\" \/>                    <\/div>\n                                    <div class=\"logos__item _hidden-mobile\">\n                        <img loading=\"lazy\" width=\"1\" height=\"1\" src=\"https:\/\/www.milk-food.de\/wp-content\/uploads\/2024\/02\/Logos_White-Bauer-01.svg\" class=\"logos__image\" alt=\"\" \/>                    <\/div>\n                                    <div class=\"logos__item _hidden-mobile\">\n                        <img loading=\"lazy\" width=\"300\" height=\"300\" src=\"https:\/\/www.milk-food.de\/wp-content\/uploads\/2025\/05\/Amicelli-Logo-weiss.png\" class=\"logos__image\" alt=\"\" srcset=\"https:\/\/www.milk-food.de\/wp-content\/uploads\/2025\/05\/Amicelli-Logo-weiss.png 300w, https:\/\/www.milk-food.de\/wp-content\/uploads\/2025\/05\/Amicelli-Logo-weiss-200x200.png 200w\" sizes=\"auto, (max-width: 300px) 100vw, 300px\" \/>                    <\/div>\n                                    <div class=\"logos__item _hidden-mobile\">\n                        <img loading=\"lazy\" width=\"300\" height=\"300\" src=\"https:\/\/www.milk-food.de\/wp-content\/uploads\/2025\/05\/Eat-Happy-Group-Logo-weiss.png\" class=\"logos__image\" alt=\"\" srcset=\"https:\/\/www.milk-food.de\/wp-content\/uploads\/2025\/05\/Eat-Happy-Group-Logo-weiss.png 300w, https:\/\/www.milk-food.de\/wp-content\/uploads\/2025\/05\/Eat-Happy-Group-Logo-weiss-200x200.png 200w\" sizes=\"auto, (max-width: 300px) 100vw, 300px\" \/>                    <\/div>\n                                    <div class=\"logos__item _hidden-mobile\">\n                        <img loading=\"lazy\" width=\"300\" height=\"300\" src=\"https:\/\/www.milk-food.de\/wp-content\/uploads\/2025\/05\/daucy-Logo-weiss.png\" class=\"logos__image\" alt=\"\" srcset=\"https:\/\/www.milk-food.de\/wp-content\/uploads\/2025\/05\/daucy-Logo-weiss.png 300w, https:\/\/www.milk-food.de\/wp-content\/uploads\/2025\/05\/daucy-Logo-weiss-200x200.png 200w\" sizes=\"auto, (max-width: 300px) 100vw, 300px\" \/>                    <\/div>\n                                    <div class=\"logos__item _hidden-mobile\">\n                        <img loading=\"lazy\" width=\"1\" height=\"1\" src=\"https:\/\/www.milk-food.de\/wp-content\/uploads\/2023\/08\/Logos_White-EckesGranini.svg\" class=\"logos__image\" alt=\"\" \/>                    <\/div>\n                                    <div class=\"logos__item _hidden-mobile\">\n                        <img loading=\"lazy\" width=\"300\" height=\"300\" src=\"https:\/\/www.milk-food.de\/wp-content\/uploads\/2025\/05\/Schaefer-Dein-Baecker-Logo-weiss.png\" class=\"logos__image\" alt=\"\" srcset=\"https:\/\/www.milk-food.de\/wp-content\/uploads\/2025\/05\/Schaefer-Dein-Baecker-Logo-weiss.png 300w, https:\/\/www.milk-food.de\/wp-content\/uploads\/2025\/05\/Schaefer-Dein-Baecker-Logo-weiss-200x200.png 200w\" sizes=\"auto, (max-width: 300px) 100vw, 300px\" \/>                    <\/div>\n                                    <div class=\"logos__item _hidden-mobile\">\n                        <img loading=\"lazy\" width=\"1\" height=\"1\" src=\"https:\/\/www.milk-food.de\/wp-content\/uploads\/2023\/08\/Logos_White-Laetta.svg\" class=\"logos__image\" alt=\"\" \/>                    <\/div>\n                                    <div class=\"logos__item _hidden-mobile\">\n                        <img loading=\"lazy\" width=\"1\" height=\"1\" src=\"https:\/\/www.milk-food.de\/wp-content\/uploads\/2023\/08\/Logos_White-Glabsbraeu.svg\" class=\"logos__image\" alt=\"\" \/>                    <\/div>\n                                    <div class=\"logos__item _hidden-mobile\">\n                        <img loading=\"lazy\" width=\"300\" height=\"300\" src=\"https:\/\/www.milk-food.de\/wp-content\/uploads\/2025\/05\/Lorenz-Logo-weiss-1.png\" class=\"logos__image\" alt=\"\" srcset=\"https:\/\/www.milk-food.de\/wp-content\/uploads\/2025\/05\/Lorenz-Logo-weiss-1.png 300w, https:\/\/www.milk-food.de\/wp-content\/uploads\/2025\/05\/Lorenz-Logo-weiss-1-200x200.png 200w\" sizes=\"auto, (max-width: 300px) 100vw, 300px\" \/>                    <\/div>\n                            <\/div>\n\n            <div class=\"logos__more wp-block-button is-style-rounded\">\n                <button class=\"wp-block-button__link wp-element-button\">\n                    Show all                <\/button>\n            <\/div>\n\n                    <\/div>\n    <\/section>\n    <section style=\"margin-top:0;margin-bottom:0\" class=\"testimonials slider alignfull has-background has-dark-background-color wp-block-acf-testimonials\" data-component=\"slider\" data-items-fixed=\"1\">\n        <div class=\"slider__container swiper\">\n            <div class=\"slider__slides swiper-wrapper\">\n                                    <div class=\"slider__slide swiper-slide\">\n                        <div class=\"wrapper alignwide\">\n                            <blockquote class=\"testimonial\">\n                                                                    <p>\u201cIt is important to us that our creative agencies are not only a good fit as business partners &#8211; they also have to be a good fit on a personal level. In the MILK. agency, we have found a strong team with innovative design ideas and top service. \u201d<\/p>\n                                                                <footer>\n                                                                            <div class=\"testimonials__image-wrapper\">\n                                            <img loading=\"lazy\" width=\"1\" height=\"1\" src=\"https:\/\/www.milk-food.de\/wp-content\/uploads\/2023\/07\/Krombacher_White.svg\" class=\"testimonial__image\" alt=\"\" \/>                                        <\/div>\n                                    \n                                    <cite>\n                                                                                    <span class=\"testimonial__name\">Alexandra Limberg<\/span>\n                                                                                                                            <span class=\"testimonial__position\">Head of Marketing AFG Krombacher Gruppe<\/span>\n                                                                            <\/cite>\n                                <\/footer>\n                            <\/blockquote>\n                        <\/div>\n                    <\/div>\n                                    <div class=\"slider__slide swiper-slide\">\n                        <div class=\"wrapper alignwide\">\n                            <blockquote class=\"testimonial\">\n                                                                    <p>\u201cIm B2B-Gesch\u00e4ft muss Design mehr leisten als gut auszusehen \u2013 es muss sofort vermitteln, was drin ist und wof\u00fcr die Marke steht. MILK. ist durch das Redesign unserer Foodservice Range genau das gelungen: ein starker, aufger\u00e4umter Auftritt, der Einkauf, Handel und Gastronomie \u00fcberzeugt \u2013 ultra-lecker, pflanzlich-modern und klar strukturiert.\u201d<\/p>\n                                                                <footer>\n                                                                            <div class=\"testimonials__image-wrapper\">\n                                            <img loading=\"lazy\" width=\"192\" height=\"192\" src=\"https:\/\/www.milk-food.de\/wp-content\/uploads\/2025\/05\/Hilcona-Logo-weiss-200x200.png\" class=\"testimonial__image\" alt=\"\" srcset=\"https:\/\/www.milk-food.de\/wp-content\/uploads\/2025\/05\/Hilcona-Logo-weiss-200x200.png 200w, https:\/\/www.milk-food.de\/wp-content\/uploads\/2025\/05\/Hilcona-Logo-weiss.png 300w\" sizes=\"auto, (max-width: 192px) 100vw, 192px\" \/>                                        <\/div>\n                                    \n                                    <cite>\n                                                                                    <span class=\"testimonial__name\">Rolf Kempter<\/span>\n                                                                                                                            <span class=\"testimonial__position\">Marketing Foodservice &#8211; Hilcona AG<\/span>\n                                                                            <\/cite>\n                                <\/footer>\n                            <\/blockquote>\n                        <\/div>\n                    <\/div>\n                                    <div class=\"slider__slide swiper-slide\">\n                        <div class=\"wrapper alignwide\">\n                            <blockquote class=\"testimonial\">\n                                                                    <p>\u201cMILK. did a great job rejuvenating and modernizing the design for our L\u00e4tta brand. The agency&#8217;s agile way of working was a perfect match for our own brand values: Active, fresh and light. \u201d<\/p>\n                                                                <footer>\n                                                                            <div class=\"testimonials__image-wrapper\">\n                                            <img loading=\"lazy\" width=\"1\" height=\"1\" src=\"https:\/\/www.milk-food.de\/wp-content\/uploads\/2023\/07\/Logos_Weiss-Laetta.svg\" class=\"testimonial__image\" alt=\"\" \/>                                        <\/div>\n                                    \n                                    <cite>\n                                                                                    <span class=\"testimonial__name\">Julia Steinle<\/span>\n                                                                                                                            <span class=\"testimonial__position\">Marketing Manager L\u00e4tta &#038; Becel DACH<\/span>\n                                                                            <\/cite>\n                                <\/footer>\n                            <\/blockquote>\n                        <\/div>\n                    <\/div>\n                                    <div class=\"slider__slide swiper-slide\">\n                        <div class=\"wrapper alignwide\">\n                            <blockquote class=\"testimonial\">\n                                                                    <p>\u201cThe Milk team has already impressed us with various projects &#8211; with creativity, expertise, a wide range of design proposals and excellent cooperation. I was particularly pleased with the strong translation of the brand essence into the designs. \u201d<\/p>\n                                                                <footer>\n                                                                            <div class=\"testimonials__image-wrapper\">\n                                            <img loading=\"lazy\" width=\"1\" height=\"1\" src=\"https:\/\/www.milk-food.de\/wp-content\/uploads\/2023\/08\/Logos_White-KS.svg\" class=\"testimonial__image\" alt=\"\" \/>                                        <\/div>\n                                    \n                                    <cite>\n                                                                                    <span class=\"testimonial__name\">Eva-Maria Radtke<\/span>\n                                                                                                                            <span class=\"testimonial__position\">Head of Consumer Marketing and Communications &#8211; K+S Minerals and Agriculture GmbH<\/span>\n                                                                            <\/cite>\n                                <\/footer>\n                            <\/blockquote>\n                        <\/div>\n                    <\/div>\n                                    <div class=\"slider__slide swiper-slide\">\n                        <div class=\"wrapper alignwide\">\n                            <blockquote class=\"testimonial\">\n                                                                    <p>\u201cMit MILK. als Partner f\u00fchlt sich jede Herausforderung pl\u00f6tzlich leicht an! Uns begeistert, wie ihr in jeder Phase offen f\u00fcr den Austausch seid und unsere Vorschl\u00e4ge und R\u00fcckmeldungen aufgreift \u2013 man merkt, dass unser Projekt auch zu eurem Herzensprojekt geworden ist. Die Zusammenarbeit ist gepr\u00e4gt von gegenseitiger Wertsch\u00e4tzung, Humor und echter Freude am Tun. Die kreativen Entw\u00fcrfe, die ihr f\u00fcr uns entwickelt habt, sind mutig, markant und gehen genau auf das ein, was uns wichtig ist. Danke auch f\u00fcr euren gesch\u00e4rften Blick auf das gro\u00dfe Ganze \u2013 ihr habt immer das Ziel im Blick gehabt, ohne dabei den Spa\u00df am Detail aus den Augen zu verlieren. Es ist richtig sch\u00f6n, mit so einem engagierten, ideenreichen und nahbaren Team zu arbeiten!\u201d<\/p>\n                                                                <footer>\n                                                                            <div class=\"testimonials__image-wrapper\">\n                                            <img loading=\"lazy\" width=\"192\" height=\"192\" src=\"https:\/\/www.milk-food.de\/wp-content\/uploads\/2025\/05\/Rossmann-Logo-weiss-200x200.png\" class=\"testimonial__image\" alt=\"\" srcset=\"https:\/\/www.milk-food.de\/wp-content\/uploads\/2025\/05\/Rossmann-Logo-weiss-200x200.png 200w, https:\/\/www.milk-food.de\/wp-content\/uploads\/2025\/05\/Rossmann-Logo-weiss.png 300w\" sizes=\"auto, (max-width: 192px) 100vw, 192px\" \/>                                        <\/div>\n                                    \n                                    <cite>\n                                                                                    <span class=\"testimonial__name\">Stephan Markus<\/span>\n                                                                                                                            <span class=\"testimonial__position\">Trendscout &#038; Design Expert &#8211; Dirk Rossmann GmbH<\/span>\n                                                                            <\/cite>\n                                <\/footer>\n                            <\/blockquote>\n                        <\/div>\n                    <\/div>\n                                    <div class=\"slider__slide swiper-slide\">\n                        <div class=\"wrapper alignwide\">\n                            <blockquote class=\"testimonial\">\n                                                                    <p>\u201cIn addition to the creative performance of the MILK. agency, we particularly appreciate their dedication and enthusiasm for our product and us as a customer and partner. From the first draft to the finished prototype, the collaboration was uncomplicated, fast and characterized by attention to detail. \u201d<\/p>\n                                                                <footer>\n                                                                            <div class=\"testimonials__image-wrapper\">\n                                            <img loading=\"lazy\" width=\"192\" height=\"192\" src=\"https:\/\/www.milk-food.de\/wp-content\/uploads\/2021\/04\/Logos_Radeberger_WHITE-27.svg\" class=\"testimonial__image\" alt=\"\" \/>                                        <\/div>\n                                    \n                                    <cite>\n                                                                                    <span class=\"testimonial__name\">Marco Domogalski<\/span>\n                                                                                                                            <span class=\"testimonial__position\">Marketing- und Gesch\u00e4ftsleitung Radeberger Exportbierbrauerei<\/span>\n                                                                            <\/cite>\n                                <\/footer>\n                            <\/blockquote>\n                        <\/div>\n                    <\/div>\n                                    <div class=\"slider__slide swiper-slide\">\n                        <div class=\"wrapper alignwide\">\n                            <blockquote class=\"testimonial\">\n                                                                    <p>\u201cMilk turned our relaunch into a distinctive brand image that has moved our brewery forward: Distinctive, fresh, and personable, while respecting the values we&#8217;ve held for centuries!\u201d<\/p>\n                                                                <footer>\n                                                                            <div class=\"testimonials__image-wrapper\">\n                                            <img loading=\"lazy\" width=\"192\" height=\"192\" src=\"https:\/\/www.milk-food.de\/wp-content\/uploads\/2020\/09\/Glaabsbra\u0308u_White.svg\" class=\"testimonial__image\" alt=\"\" \/>                                        <\/div>\n                                    \n                                    <cite>\n                                                                                    <span class=\"testimonial__name\">Julian Menner<\/span>\n                                                                                                                            <span class=\"testimonial__position\">Gesch\u00e4ftsf\u00fchrer &#8211; Glaabsbr\u00e4u GmbH &#038; Co. KG<\/span>\n                                                                            <\/cite>\n                                <\/footer>\n                            <\/blockquote>\n                        <\/div>\n                    <\/div>\n                                    <div class=\"slider__slide swiper-slide\">\n                        <div class=\"wrapper alignwide\">\n                            <blockquote class=\"testimonial\">\n                                                                    <p>\u201cF\u00fcr uns war es eine wertvolle Erfahrung \u2013 und ein Beispiel daf\u00fcr, wie kollaborative Entwicklung mit den richtigen Partnern echte Mehrwerte schaffen kann \u2013 klare Empfehlung f\u00fcr alle, die ihre Verpackungsentwicklung auf das n\u00e4chste Level bringen wollen!\u201d<\/p>\n                                                                <footer>\n                                                                            <div class=\"testimonials__image-wrapper\">\n                                            <img loading=\"lazy\" width=\"192\" height=\"192\" src=\"https:\/\/www.milk-food.de\/wp-content\/uploads\/2025\/05\/Kuehne-Logo-weiss-200x200.png\" class=\"testimonial__image\" alt=\"\" srcset=\"https:\/\/www.milk-food.de\/wp-content\/uploads\/2025\/05\/Kuehne-Logo-weiss-200x200.png 200w, https:\/\/www.milk-food.de\/wp-content\/uploads\/2025\/05\/Kuehne-Logo-weiss.png 300w\" sizes=\"auto, (max-width: 192px) 100vw, 192px\" \/>                                        <\/div>\n                                    \n                                    <cite>\n                                                                                    <span class=\"testimonial__name\">Maxi Hoyer<\/span>\n                                                                                                                            <span class=\"testimonial__position\">Packaging Developer \u2013 Carl K\u00fchne KG (GmbH&#038;Co.)<\/span>\n                                                                            <\/cite>\n                                <\/footer>\n                            <\/blockquote>\n                        <\/div>\n                    <\/div>\n                                    <div class=\"slider__slide swiper-slide\">\n                        <div class=\"wrapper alignwide\">\n                            <blockquote class=\"testimonial\">\n                                                                    <p>\u201cWerbeagentur? Mehr so was wie &#8220;Wunderagentur&#8221;! Ideen werden nicht lang diskutiert, sondern direkt lebendig. Und das in einer Atmosph\u00e4re, die mehr nach Freundschaft als nach Business riecht.\u201d<\/p>\n                                                                <footer>\n                                                                            <div class=\"testimonials__image-wrapper\">\n                                            <img loading=\"lazy\" width=\"192\" height=\"192\" src=\"https:\/\/www.milk-food.de\/wp-content\/uploads\/2025\/05\/Meray-Logo-weiss-1-200x200.png\" class=\"testimonial__image\" alt=\"\" srcset=\"https:\/\/www.milk-food.de\/wp-content\/uploads\/2025\/05\/Meray-Logo-weiss-1-200x200.png 200w, https:\/\/www.milk-food.de\/wp-content\/uploads\/2025\/05\/Meray-Logo-weiss-1.png 300w\" sizes=\"auto, (max-width: 192px) 100vw, 192px\" \/>                                        <\/div>\n                                    \n                                    <cite>\n                                                                                    <span class=\"testimonial__name\">Merve Eroglu<\/span>\n                                                                                                                            <span class=\"testimonial__position\">Assistentin der Gesch\u00e4ftsf\u00fchrung &#8211; Fresh Nuts GmbH<\/span>\n                                                                            <\/cite>\n                                <\/footer>\n                            <\/blockquote>\n                        <\/div>\n                    <\/div>\n                                    <div class=\"slider__slide swiper-slide\">\n                        <div class=\"wrapper alignwide\">\n                            <blockquote class=\"testimonial\">\n                                                                    <p>\u201cWe were looking for an agency for our start-up that combines absolutely contemporary design with consulting expertise and experience in the F&amp;B market. MILK. convinced us right away and impressed us with their great work. My recommendation for everyone involved in product design &amp; sustainability in the food market.  \u201d<\/p>\n                                                                <footer>\n                                                                            <div class=\"testimonials__image-wrapper\">\n                                            <img loading=\"lazy\" width=\"1\" height=\"1\" src=\"https:\/\/www.milk-food.de\/wp-content\/uploads\/2023\/07\/FUNQ_White-01.svg\" class=\"testimonial__image\" alt=\"\" \/>                                        <\/div>\n                                    \n                                    <cite>\n                                                                                    <span class=\"testimonial__name\">Sebastian Kroth<\/span>\n                                                                                                                            <span class=\"testimonial__position\">CMO &#038; Co-Founder FUNQ LIQUIDS, S.L.<\/span>\n                                                                            <\/cite>\n                                <\/footer>\n                            <\/blockquote>\n                        <\/div>\n                    <\/div>\n                                    <div class=\"slider__slide swiper-slide\">\n                        <div class=\"wrapper alignwide\">\n                            <blockquote class=\"testimonial\">\n                                                                    <p>\u201cWith their clear and fresh eye for products and design, the MILK. agency helped us to completely reinvent an old brand with a large product range. The agency knows how to package brands &amp; products in graphic messages that are immediately understood. \u201d<\/p>\n                                                                <footer>\n                                                                            <div class=\"testimonials__image-wrapper\">\n                                            <img loading=\"lazy\" width=\"1\" height=\"1\" src=\"https:\/\/www.milk-food.de\/wp-content\/uploads\/2023\/07\/Birkel_White.svg\" class=\"testimonial__image\" alt=\"\" \/>                                        <\/div>\n                                    \n                                    <cite>\n                                                                                    <span class=\"testimonial__name\">Michael Geppert<\/span>\n                                                                                                                            <span class=\"testimonial__position\">Head of Marketing &#038; Business Development \u2013 Newlat GmbH<\/span>\n                                                                            <\/cite>\n                                <\/footer>\n                            <\/blockquote>\n                        <\/div>\n                    <\/div>\n                                    <div class=\"slider__slide swiper-slide\">\n                        <div class=\"wrapper alignwide\">\n                            <blockquote class=\"testimonial\">\n                                                                    <p>\u201cMILK ist f\u00fcr uns ein starker Partner und Begleiter bei der Entwicklung unserer Marken von der Idee bis zum Rollout. Inhabergef\u00fchrt lebt die Agentur Liebe zu Lebensmitteln und konzeptstarken Design bis ins Detail.\u201d<\/p>\n                                                                <footer>\n                                                                            <div class=\"testimonials__image-wrapper\">\n                                            <img loading=\"lazy\" width=\"192\" height=\"192\" src=\"https:\/\/www.milk-food.de\/wp-content\/uploads\/2025\/05\/Logos_White-Froox-200x200.png\" class=\"testimonial__image\" alt=\"\" srcset=\"https:\/\/www.milk-food.de\/wp-content\/uploads\/2025\/05\/Logos_White-Froox-200x200.png 200w, https:\/\/www.milk-food.de\/wp-content\/uploads\/2025\/05\/Logos_White-Froox.png 300w\" sizes=\"auto, (max-width: 192px) 100vw, 192px\" \/>                                        <\/div>\n                                    \n                                    <cite>\n                                                                                    <span class=\"testimonial__name\">Sebastian Hoffmann<\/span>\n                                                                                                                            <span class=\"testimonial__position\">Gesch\u00e4ftsf\u00fchrer &#8211; FROOX GmbH<\/span>\n                                                                            <\/cite>\n                                <\/footer>\n                            <\/blockquote>\n                        <\/div>\n                    <\/div>\n                                    <div class=\"slider__slide swiper-slide\">\n                        <div class=\"wrapper alignwide\">\n                            <blockquote class=\"testimonial\">\n                                                                    <p>\u201cThe collaboration with MILK. was a true partnership project: strategically well thought out, visually precisely implemented and always operationally oriented. The redesign of d&#8217;aucy not only raises the brand to a new level visually, but also in terms of content\r\n&#8211; with a clear stance and strong differentiation in the competitive environment. \u201d<\/p>\n                                                                <footer>\n                                                                            <div class=\"testimonials__image-wrapper\">\n                                            <img loading=\"lazy\" width=\"192\" height=\"192\" src=\"https:\/\/www.milk-food.de\/wp-content\/uploads\/2025\/05\/daucy-Logo-weiss-200x200.png\" class=\"testimonial__image\" alt=\"\" srcset=\"https:\/\/www.milk-food.de\/wp-content\/uploads\/2025\/05\/daucy-Logo-weiss-200x200.png 200w, https:\/\/www.milk-food.de\/wp-content\/uploads\/2025\/05\/daucy-Logo-weiss.png 300w\" sizes=\"auto, (max-width: 192px) 100vw, 192px\" \/>                                        <\/div>\n                                    \n                                    <cite>\n                                                                                    <span class=\"testimonial__name\">Florence Neff<\/span>\n                                                                                                                            <span class=\"testimonial__position\">Sales Director D\/A\/CH &#8211; d&#8217;aucy Deutschland GmbH<\/span>\n                                                                            <\/cite>\n                                <\/footer>\n                            <\/blockquote>\n                        <\/div>\n                    <\/div>\n                                    <div class=\"slider__slide swiper-slide\">\n                        <div class=\"wrapper alignwide\">\n                            <blockquote class=\"testimonial\">\n                                                                    <p>\u201cMit MILK. haben wir nicht nur einen kreativen Partner an unserer Seite, sondern echte Markenversteher. Besonders bei der Modernisierung gewachsener Produktwelten zeigt die Agentur strategisches Gesp\u00fcr und kreative St\u00e4rke.  Klare Markenarchitektur und pr\u00e4gnantes Verpackungsdesign machen den Nutzen &#038; Mehrwert unserer Produkte f\u00fcr Verbraucherinnen und Verbraucher auf den ersten Blick sichtbar.\u201d<\/p>\n                                                                <footer>\n                                                                            <div class=\"testimonials__image-wrapper\">\n                                            <img loading=\"lazy\" width=\"192\" height=\"192\" src=\"https:\/\/www.milk-food.de\/wp-content\/uploads\/2025\/05\/Flora-Group-Logo-weiss-1-200x200.png\" class=\"testimonial__image\" alt=\"\" srcset=\"https:\/\/www.milk-food.de\/wp-content\/uploads\/2025\/05\/Flora-Group-Logo-weiss-1-200x200.png 200w, https:\/\/www.milk-food.de\/wp-content\/uploads\/2025\/05\/Flora-Group-Logo-weiss-1.png 300w\" sizes=\"auto, (max-width: 192px) 100vw, 192px\" \/>                                        <\/div>\n                                    \n                                    <cite>\n                                                                                    <span class=\"testimonial__name\">Sabine Huttmann<\/span>\n                                                                                                                            <span class=\"testimonial__position\">Marketing Manager Germany &#8211; Flora Food Germany GmbH<\/span>\n                                                                            <\/cite>\n                                <\/footer>\n                            <\/blockquote>\n                        <\/div>\n                    <\/div>\n                                    <div class=\"slider__slide swiper-slide\">\n                        <div class=\"wrapper alignwide\">\n                            <blockquote class=\"testimonial\">\n                                                                    <p>\u201cWir arbeiten seit einiger Zeit mit MILK an unserem Saltletts Packaging Design \u2013 und sind absolut begeistert. Das Team versteht es, unsere Markenidentit\u00e4t auf kreative und zugleich marktorientierte Weise zum Leben zu erwecken. Die Zusammenarbeit ist professionell, effizient und gleichzeitig immer pers\u00f6nlich und inspirierend. Insbesondere unsere Neu-Produkte werden sehr sch\u00f6n im Regal herausstechen \u2013 dank MILK. Eine klare Empfehlung vom Saltletts-Team!\u201d<\/p>\n                                                                <footer>\n                                                                            <div class=\"testimonials__image-wrapper\">\n                                            <img loading=\"lazy\" width=\"192\" height=\"192\" src=\"https:\/\/www.milk-food.de\/wp-content\/uploads\/2025\/05\/Lorenz-Logo-weiss-1-200x200.png\" class=\"testimonial__image\" alt=\"\" srcset=\"https:\/\/www.milk-food.de\/wp-content\/uploads\/2025\/05\/Lorenz-Logo-weiss-1-200x200.png 200w, https:\/\/www.milk-food.de\/wp-content\/uploads\/2025\/05\/Lorenz-Logo-weiss-1.png 300w\" sizes=\"auto, (max-width: 192px) 100vw, 192px\" \/>                                        <\/div>\n                                    \n                                    <cite>\n                                                                                    <span class=\"testimonial__name\">Andr\u00e9 Hanschmann<\/span>\n                                                                                                                            <span class=\"testimonial__position\">Senior Brand Manager &#8211; The Lorenz Bahlsen Snack-World GmbH &#038; Co KG Germany<\/span>\n                                                                            <\/cite>\n                                <\/footer>\n                            <\/blockquote>\n                        <\/div>\n                    <\/div>\n                                    <div class=\"slider__slide swiper-slide\">\n                        <div class=\"wrapper alignwide\">\n                            <blockquote class=\"testimonial\">\n                                                                    <p>\u201cDas Alles-aus-einer-Hand Prinzip von MILK. hat uns sehr dabei geholfen, das Thema Verpackung strukturiert und effizient anzugehen, mit einem klaren Fahrplan f\u00fcr die Zukunft, der auch die Konsumenten stets im Blick hat.\u201d<\/p>\n                                                                <footer>\n                                                                            <div class=\"testimonials__image-wrapper\">\n                                            <img loading=\"lazy\" width=\"192\" height=\"192\" src=\"https:\/\/www.milk-food.de\/wp-content\/uploads\/2025\/05\/Bad-Heilbrunner-Logo-weiss-1-200x200.png\" class=\"testimonial__image\" alt=\"\" srcset=\"https:\/\/www.milk-food.de\/wp-content\/uploads\/2025\/05\/Bad-Heilbrunner-Logo-weiss-1-200x200.png 200w, https:\/\/www.milk-food.de\/wp-content\/uploads\/2025\/05\/Bad-Heilbrunner-Logo-weiss-1.png 300w\" sizes=\"auto, (max-width: 192px) 100vw, 192px\" \/>                                        <\/div>\n                                    \n                                    <cite>\n                                                                                    <span class=\"testimonial__name\">Jil Thunecke<\/span>\n                                                                                                                            <span class=\"testimonial__position\">Senior Expert CSR \u2013 Bad Heilbrunner Naturheilmittel GmbH &#038; Co. KG<\/span>\n                                                                            <\/cite>\n                                <\/footer>\n                            <\/blockquote>\n                        <\/div>\n                    <\/div>\n                                    <div class=\"slider__slide swiper-slide\">\n                        <div class=\"wrapper alignwide\">\n                            <blockquote class=\"testimonial\">\n                                                                    <p>\u201cWe have been putting our brand in the hands of the MILK. team for over 10 years now. Our then dusty brand has developed MILK. into a loud and modern brand with a unique selling point. Our team really appreciates the collaboration and we are glad to have started the journey with MILK. back then.   Here&#8217;s to the next 10 years, cheers.\u201d<\/p>\n                                                                <footer>\n                                                                            <div class=\"testimonials__image-wrapper\">\n                                            <img loading=\"lazy\" width=\"192\" height=\"192\" src=\"https:\/\/www.milk-food.de\/wp-content\/uploads\/2020\/09\/Vulkan_White.svg\" class=\"testimonial__image\" alt=\"\" \/>                                        <\/div>\n                                    \n                                    <cite>\n                                                                                    <span class=\"testimonial__name\">Malte Tack<\/span>\n                                                                                                                            <span class=\"testimonial__position\">Inhaber &#038; Gesch\u00e4ftsf\u00fchrer &#8211; Vulkan Vulkan Brauerei GmbH &#038; Co KG<\/span>\n                                                                            <\/cite>\n                                <\/footer>\n                            <\/blockquote>\n                        <\/div>\n                    <\/div>\n                                    <div class=\"slider__slide swiper-slide\">\n                        <div class=\"wrapper alignwide\">\n                            <blockquote class=\"testimonial\">\n                                                                    <p>\u201cWhat we particularly like about MILK. is the excellent feel for the brand &amp; target group in conjunction with the category-specific requirements. The agency not only attaches great importance to being visually convincing, but also always keeps an eye on the big picture during the development process. This, combined with a professional customer focus, delivers the best results that ultimately appeal to and convince the shopper.  \u201d<\/p>\n                                                                <footer>\n                                                                            <div class=\"testimonials__image-wrapper\">\n                                            <img loading=\"lazy\" width=\"192\" height=\"192\" src=\"https:\/\/www.milk-food.de\/wp-content\/uploads\/2020\/09\/Rotkaeppchen_Mumm_White.svg\" class=\"testimonial__image\" alt=\"\" \/>                                        <\/div>\n                                    \n                                    <cite>\n                                                                                    <span class=\"testimonial__name\">Ulrike Faust<\/span>\n                                                                                                                            <span class=\"testimonial__position\">Marketing Manager Lifestyle Brands Rotk\u00e4ppchen-Mumm Sektkellereien GmbH<\/span>\n                                                                            <\/cite>\n                                <\/footer>\n                            <\/blockquote>\n                        <\/div>\n                    <\/div>\n                            <\/div>\n        <\/div>\n\n                <div class=\"slider__button-prev swiper-button-prev\"><\/div>\n        <div class=\"slider__button-next swiper-button-next\"><\/div>\n\n                    <div class=\"slider__scrollbar swiper-scrollbar\"><\/div>\n            <\/section>\n\n<div class=\"wp-block-group is-layout-constrained wp-block-group-is-layout-constrained\" style=\"margin-top:var(--wp--preset--spacing--60);margin-bottom:var(--wp--preset--spacing--60)\">\n<h2 class=\"wp-block-heading has-scribble-animation--scribble-underline-4\" id=\"h-drei-leistungsbereiche-ein-gemeinsames-ziel-starke-food-brands-mit-wirkung-im-markt\">Three service areas, one common goal: strong food brands with <span class=\"scribble-animation-target\">an impact<\/span> on the market.<\/h2>\n\n\n\n<p class=\"has-scribble-animation--scribble-underline-wave-1 has-scribble-animation--scribble-underline-4 has-scribble-animation--scribble-underline-wave-2 has-large-font-size wp-block-paragraph\">Successful food brands are not created through individual measures, but through the <strong>interplay<\/strong> of <span class=\"scribble-animation-target\">strategy<\/span>, <span class=\"scribble-animation-target\">design<\/span> and <span class=\"scribble-animation-target\">activation<\/span>. That&#8217;s why we think of our services as a cohesive process: we first create clarity about the brand, target groups and innovation potential, translate this into a precise image and use it to develop measures that generate visibility, relevance and growth. <\/p>\n\n\n\n<p class=\"has-large-font-size wp-block-paragraph\">In this way, we combine strategic principles with creative excellence and market-oriented implementation. Each service area can be commissioned independently &#8211; but it unfolds its full strength where Insights, identity and activation are consistently intertwined. <\/p>\n<\/div>\n\n<div class=\"wp-block-cover alignfull has-parallax has-custom-content-position is-position-bottom-left\" style=\"padding-top:var(--wp--preset--spacing--60);padding-right:var(--wp--preset--spacing--50);padding-bottom:var(--wp--preset--spacing--60);padding-left:var(--wp--preset--spacing--50);min-height:958px;aspect-ratio:unset;\"><div class=\"wp-block-cover__image-background wp-image-834163 has-parallax\" style=\"background-position:50% 50%;background-image:url(https:\/\/www.milk-food.de\/wp-content\/uploads\/2024\/10\/UPDATE_GOLDEN-TOAST_2560x1440_LAY_20240916-Wiederhergestellt_04-A-Kopie-6.jpg)\"><\/div><span aria-hidden=\"true\" class=\"wp-block-cover__background has-dark-background-color has-background-dim-10 has-background-dim\"><\/span><div class=\"wp-block-cover__inner-container is-layout-constrained wp-container-core-cover-is-layout-850627be wp-block-cover-is-layout-constrained\">\n<h3 class=\"wp-block-heading has-scribble-animation--scribble-circle-4 has-scribble-animation--scribble-underline-4 has-5-xl-font-size\" id=\"h-lasst-uns-marken-mit-allen-sinnen-erlebbar-machen\">Let&#8217;s bring <span class=\"scribble-animation-target\">brands<\/span> <span class=\"scribble-animation-target\">to life<\/span> with all our senses.<\/h3>\n\n\n\n<div class=\"wp-block-buttons is-layout-flex wp-block-buttons-is-layout-flex\">\n<div class=\"wp-block-button is-style-rounded-with-icon\"><a class=\"wp-block-button__link wp-element-button\" href=\"https:\/\/www.milk-food.de\/en\/contact\/\">Request a project<\/a><\/div>\n<\/div>\n<\/div><\/div>\n","protected":false},"excerpt":{"rendered":"<p>Services for food brands: Strategy &amp; Innovation, Identity &amp; Packaging Design and Activation &amp; Growth. [&hellip;]<\/p>\n","protected":false},"author":2,"featured_media":834161,"parent":0,"menu_order":3,"comment_status":"closed","ping_status":"closed","template":"","meta":{"_acf_changed":false,"inline_featured_image":false,"footnotes":""},"class_list":["post-759770","page","type-page","status-publish","has-post-thumbnail","hentry"],"acf":{"activate_as_landingpage":false,"reading_list_title":"","reading_list_items":null,"show_in_compass":false,"title_in_compass":"","display_mini_user_guide":false},"yoast_head":"<!-- This site is optimized with the Yoast SEO Premium plugin v28.3 (Yoast SEO v28.3) - https:\/\/yoast.com\/product\/yoast-seo-premium-wordpress\/ -->\n<title>Food Branding &amp; Packaging Design Services<\/title>\n<meta name=\"description\" content=\"Discover MILK.&#039;s services\u2014from brand strategy and packaging design to sustainable packaging and POS marketing.\" \/>\n<meta name=\"robots\" content=\"index, follow, max-snippet:-1, max-image-preview:large, max-video-preview:-1\" \/>\n<link rel=\"canonical\" href=\"https:\/\/www.milk-food.de\/en\/service\/\" \/>\n<meta property=\"og:locale\" content=\"en_US\" \/>\n<meta property=\"og:type\" content=\"article\" \/>\n<meta property=\"og:title\" content=\"Services Agency Services\" \/>\n<meta property=\"og:description\" content=\"Our agency services range from food packaging design as a core competence and brand strategy to product and packaging innovation for F&amp;B.\" \/>\n<meta property=\"og:url\" content=\"https:\/\/www.milk-food.de\/en\/service\/\" \/>\n<meta property=\"og:site_name\" content=\"MILK.\" \/>\n<meta property=\"article:publisher\" content=\"https:\/\/www.facebook.com\/MILKDESIGNLAB\/\" \/>\n<meta property=\"article:modified_time\" content=\"2026-06-30T09:31:56+00:00\" \/>\n<meta property=\"og:image\" content=\"https:\/\/www.milk-food.de\/wp-content\/uploads\/2024\/04\/vlcsnap-2024-04-19-10h27m55s648-960x540.jpg\" \/>\n<meta name=\"twitter:card\" content=\"summary_large_image\" \/>\n<meta name=\"twitter:title\" content=\"Services\" \/>\n<meta name=\"twitter:label1\" content=\"Est. reading time\" \/>\n\t<meta name=\"twitter:data1\" content=\"3 minutes\" \/>\n<script type=\"application\/ld+json\" class=\"yoast-schema-graph\">{\"@context\":\"https:\\\/\\\/schema.org\",\"@graph\":[{\"@type\":\"WebPage\",\"@id\":\"https:\\\/\\\/www.milk-food.de\\\/en\\\/service\\\/\",\"url\":\"https:\\\/\\\/www.milk-food.de\\\/en\\\/service\\\/\",\"name\":\"Food Branding & Packaging Design Services\",\"isPartOf\":{\"@id\":\"https:\\\/\\\/www.milk-food.de\\\/en\\\/#website\"},\"primaryImageOfPage\":{\"@id\":\"https:\\\/\\\/www.milk-food.de\\\/en\\\/service\\\/#primaryimage\"},\"image\":{\"@id\":\"https:\\\/\\\/www.milk-food.de\\\/en\\\/service\\\/#primaryimage\"},\"thumbnailUrl\":\"https:\\\/\\\/www.milk-food.de\\\/wp-content\\\/uploads\\\/2024\\\/10\\\/UPDATE_GOLDEN-TOAST_2560x1440_LAY_20240916-Wiederhergestellt_03-A.jpg\",\"datePublished\":\"2023-08-29T12:52:38+00:00\",\"dateModified\":\"2026-06-30T09:31:56+00:00\",\"description\":\"Discover MILK.'s services\u2014from brand strategy and packaging design to sustainable packaging and POS marketing.\",\"breadcrumb\":{\"@id\":\"https:\\\/\\\/www.milk-food.de\\\/en\\\/service\\\/#breadcrumb\"},\"inLanguage\":\"en-US\",\"potentialAction\":[{\"@type\":\"ReadAction\",\"target\":[\"https:\\\/\\\/www.milk-food.de\\\/en\\\/service\\\/\"]}]},{\"@type\":\"ImageObject\",\"inLanguage\":\"en-US\",\"@id\":\"https:\\\/\\\/www.milk-food.de\\\/en\\\/service\\\/#primaryimage\",\"url\":\"https:\\\/\\\/www.milk-food.de\\\/wp-content\\\/uploads\\\/2024\\\/10\\\/UPDATE_GOLDEN-TOAST_2560x1440_LAY_20240916-Wiederhergestellt_03-A.jpg\",\"contentUrl\":\"https:\\\/\\\/www.milk-food.de\\\/wp-content\\\/uploads\\\/2024\\\/10\\\/UPDATE_GOLDEN-TOAST_2560x1440_LAY_20240916-Wiederhergestellt_03-A.jpg\",\"width\":2048,\"height\":1152},{\"@type\":\"BreadcrumbList\",\"@id\":\"https:\\\/\\\/www.milk-food.de\\\/en\\\/service\\\/#breadcrumb\",\"itemListElement\":[{\"@type\":\"ListItem\",\"position\":1,\"name\":\"Home\",\"item\":\"https:\\\/\\\/www.milk-food.de\\\/en\\\/food-packaging-design-agency-home\\\/\"},{\"@type\":\"ListItem\",\"position\":2,\"name\":\"Agency services\"}]},{\"@type\":\"WebSite\",\"@id\":\"https:\\\/\\\/www.milk-food.de\\\/en\\\/#website\",\"url\":\"https:\\\/\\\/www.milk-food.de\\\/en\\\/\",\"name\":\"MILK.\",\"description\":\"Food &amp; Design\",\"publisher\":{\"@id\":\"https:\\\/\\\/www.milk-food.de\\\/en\\\/#organization\"},\"potentialAction\":[{\"@type\":\"SearchAction\",\"target\":{\"@type\":\"EntryPoint\",\"urlTemplate\":\"https:\\\/\\\/www.milk-food.de\\\/en\\\/?s={search_term_string}\"},\"query-input\":{\"@type\":\"PropertyValueSpecification\",\"valueRequired\":true,\"valueName\":\"search_term_string\"}}],\"inLanguage\":\"en-US\"},{\"@type\":[\"Organization\",\"Place\"],\"@id\":\"https:\\\/\\\/www.milk-food.de\\\/en\\\/#organization\",\"name\":\"MILK\",\"alternateName\":\"MILK Packaging Design\",\"url\":\"https:\\\/\\\/www.milk-food.de\\\/en\\\/\",\"logo\":{\"@id\":\"https:\\\/\\\/www.milk-food.de\\\/en\\\/service\\\/#local-main-organization-logo\"},\"image\":{\"@id\":\"https:\\\/\\\/www.milk-food.de\\\/en\\\/service\\\/#local-main-organization-logo\"},\"sameAs\":[\"https:\\\/\\\/www.facebook.com\\\/MILKDESIGNLAB\\\/\",\"https:\\\/\\\/www.instagram.com\\\/milkdesignlab\\\/\"],\"legalName\":\"M.I.L.K. Agentur f\u00fcr moderne Kommunikation GmbH\",\"telephone\":[],\"openingHoursSpecification\":[{\"@type\":\"OpeningHoursSpecification\",\"dayOfWeek\":[\"Monday\",\"Tuesday\",\"Wednesday\",\"Thursday\",\"Friday\",\"Saturday\",\"Sunday\"],\"opens\":\"09:00\",\"closes\":\"17:00\"}]},{\"@type\":\"ImageObject\",\"inLanguage\":\"en-US\",\"@id\":\"https:\\\/\\\/www.milk-food.de\\\/en\\\/service\\\/#local-main-organization-logo\",\"url\":\"https:\\\/\\\/www.milk-food.de\\\/wp-content\\\/uploads\\\/2026\\\/08\\\/milk-design-logo.png\",\"contentUrl\":\"https:\\\/\\\/www.milk-food.de\\\/wp-content\\\/uploads\\\/2026\\\/08\\\/milk-design-logo.png\",\"width\":1254,\"height\":1254,\"caption\":\"MILK\"}]}<\/script>\n<!-- \/ Yoast SEO Premium plugin. -->","yoast_head_json":{"title":"Food Branding & Packaging Design Services","description":"Discover MILK.'s services\u2014from brand strategy and packaging design to sustainable packaging and POS marketing.","robots":{"index":"index","follow":"follow","max-snippet":"max-snippet:-1","max-image-preview":"max-image-preview:large","max-video-preview":"max-video-preview:-1"},"canonical":"https:\/\/www.milk-food.de\/en\/service\/","og_locale":"en_US","og_type":"article","og_title":"Services Agency Services","og_description":"Our agency services range from food packaging design as a core competence and brand strategy to product and packaging innovation for F&B.","og_url":"https:\/\/www.milk-food.de\/en\/service\/","og_site_name":"MILK.","article_publisher":"https:\/\/www.facebook.com\/MILKDESIGNLAB\/","article_modified_time":"2026-06-30T09:31:56+00:00","og_image":[{"url":"https:\/\/www.milk-food.de\/wp-content\/uploads\/2024\/04\/vlcsnap-2024-04-19-10h27m55s648-960x540.jpg","type":"","width":"","height":""}],"twitter_card":"summary_large_image","twitter_title":"Services","twitter_misc":{"Est. reading time":"3 minutes"},"schema":{"@context":"https:\/\/schema.org","@graph":[{"@type":"WebPage","@id":"https:\/\/www.milk-food.de\/en\/service\/","url":"https:\/\/www.milk-food.de\/en\/service\/","name":"Food Branding & Packaging Design Services","isPartOf":{"@id":"https:\/\/www.milk-food.de\/en\/#website"},"primaryImageOfPage":{"@id":"https:\/\/www.milk-food.de\/en\/service\/#primaryimage"},"image":{"@id":"https:\/\/www.milk-food.de\/en\/service\/#primaryimage"},"thumbnailUrl":"https:\/\/www.milk-food.de\/wp-content\/uploads\/2024\/10\/UPDATE_GOLDEN-TOAST_2560x1440_LAY_20240916-Wiederhergestellt_03-A.jpg","datePublished":"2023-08-29T12:52:38+00:00","dateModified":"2026-06-30T09:31:56+00:00","description":"Discover MILK.'s services\u2014from brand strategy and packaging design to sustainable packaging and POS marketing.","breadcrumb":{"@id":"https:\/\/www.milk-food.de\/en\/service\/#breadcrumb"},"inLanguage":"en-US","potentialAction":[{"@type":"ReadAction","target":["https:\/\/www.milk-food.de\/en\/service\/"]}]},{"@type":"ImageObject","inLanguage":"en-US","@id":"https:\/\/www.milk-food.de\/en\/service\/#primaryimage","url":"https:\/\/www.milk-food.de\/wp-content\/uploads\/2024\/10\/UPDATE_GOLDEN-TOAST_2560x1440_LAY_20240916-Wiederhergestellt_03-A.jpg","contentUrl":"https:\/\/www.milk-food.de\/wp-content\/uploads\/2024\/10\/UPDATE_GOLDEN-TOAST_2560x1440_LAY_20240916-Wiederhergestellt_03-A.jpg","width":2048,"height":1152},{"@type":"BreadcrumbList","@id":"https:\/\/www.milk-food.de\/en\/service\/#breadcrumb","itemListElement":[{"@type":"ListItem","position":1,"name":"Home","item":"https:\/\/www.milk-food.de\/en\/food-packaging-design-agency-home\/"},{"@type":"ListItem","position":2,"name":"Agency services"}]},{"@type":"WebSite","@id":"https:\/\/www.milk-food.de\/en\/#website","url":"https:\/\/www.milk-food.de\/en\/","name":"MILK.","description":"Food &amp; Design","publisher":{"@id":"https:\/\/www.milk-food.de\/en\/#organization"},"potentialAction":[{"@type":"SearchAction","target":{"@type":"EntryPoint","urlTemplate":"https:\/\/www.milk-food.de\/en\/?s={search_term_string}"},"query-input":{"@type":"PropertyValueSpecification","valueRequired":true,"valueName":"search_term_string"}}],"inLanguage":"en-US"},{"@type":["Organization","Place"],"@id":"https:\/\/www.milk-food.de\/en\/#organization","name":"MILK","alternateName":"MILK Packaging Design","url":"https:\/\/www.milk-food.de\/en\/","logo":{"@id":"https:\/\/www.milk-food.de\/en\/service\/#local-main-organization-logo"},"image":{"@id":"https:\/\/www.milk-food.de\/en\/service\/#local-main-organization-logo"},"sameAs":["https:\/\/www.facebook.com\/MILKDESIGNLAB\/","https:\/\/www.instagram.com\/milkdesignlab\/"],"legalName":"M.I.L.K. Agentur f\u00fcr moderne Kommunikation GmbH","telephone":[],"openingHoursSpecification":[{"@type":"OpeningHoursSpecification","dayOfWeek":["Monday","Tuesday","Wednesday","Thursday","Friday","Saturday","Sunday"],"opens":"09:00","closes":"17:00"}]},{"@type":"ImageObject","inLanguage":"en-US","@id":"https:\/\/www.milk-food.de\/en\/service\/#local-main-organization-logo","url":"https:\/\/www.milk-food.de\/wp-content\/uploads\/2026\/08\/milk-design-logo.png","contentUrl":"https:\/\/www.milk-food.de\/wp-content\/uploads\/2026\/08\/milk-design-logo.png","width":1254,"height":1254,"caption":"MILK"}]}},"_links":{"self":[{"href":"https:\/\/www.milk-food.de\/en\/wp-json\/wp\/v2\/pages\/759770","targetHints":{"allow":["GET"]}}],"collection":[{"href":"https:\/\/www.milk-food.de\/en\/wp-json\/wp\/v2\/pages"}],"about":[{"href":"https:\/\/www.milk-food.de\/en\/wp-json\/wp\/v2\/types\/page"}],"author":[{"embeddable":true,"href":"https:\/\/www.milk-food.de\/en\/wp-json\/wp\/v2\/users\/2"}],"replies":[{"embeddable":true,"href":"https:\/\/www.milk-food.de\/en\/wp-json\/wp\/v2\/comments?post=759770"}],"version-history":[{"count":2,"href":"https:\/\/www.milk-food.de\/en\/wp-json\/wp\/v2\/pages\/759770\/revisions"}],"predecessor-version":[{"id":860313,"href":"https:\/\/www.milk-food.de\/en\/wp-json\/wp\/v2\/pages\/759770\/revisions\/860313"}],"wp:featuredmedia":[{"embeddable":true,"href":"https:\/\/www.milk-food.de\/en\/wp-json\/wp\/v2\/media\/834161"}],"wp:attachment":[{"href":"https:\/\/www.milk-food.de\/en\/wp-json\/wp\/v2\/media?parent=759770"}],"curies":[{"name":"wp","href":"https:\/\/api.w.org\/{rel}","templated":true}]}}