{"id":852989,"date":"2025-10-17T11:07:43","date_gmt":"2025-10-17T09:07:43","guid":{"rendered":"https:\/\/www.milk-food.de\/faq\/sustainability\/"},"modified":"2026-05-01T15:58:04","modified_gmt":"2026-05-01T13:58:04","slug":"sustainability","status":"publish","type":"page","link":"https:\/\/www.milk-food.de\/en\/faq\/sustainability\/","title":{"rendered":"Sustainability"},"content":{"rendered":"\n<h1 class=\"wp-block-heading\" id=\"h-nachhaltigkeit-im-verpackungs-design\">Sustainability in packaging design.<\/h1>\n\n<div class=\"wp-block-group is-layout-constrained wp-block-group-is-layout-constrained\">\n<div data-wp-context=\"{ &quot;autoclose&quot;: false, &quot;accordionItems&quot;: [] }\" data-wp-interactive=\"core\/accordion\" role=\"group\" class=\"wp-block-accordion is-layout-flow wp-block-accordion-is-layout-flow\">\n<div data-wp-class--is-open=\"state.isOpen\" data-wp-context=\"{ &quot;id&quot;: &quot;accordion-item-2&quot;, &quot;openByDefault&quot;: false }\" data-wp-init=\"callbacks.initAccordionItems\" data-wp-on-window--hashchange=\"callbacks.hashChange\" class=\"wp-block-accordion-item is-layout-flow wp-block-accordion-item-is-layout-flow\">\n<h2 class=\"wp-block-accordion-heading\"><button aria-expanded=\"false\" aria-controls=\"accordion-item-2-panel\" data-wp-bind--aria-expanded=\"state.isOpen\" data-wp-on--click=\"actions.toggle\" data-wp-on--keydown=\"actions.handleKeyDown\" id=\"accordion-item-2\" type=\"button\" class=\"wp-block-accordion-heading__toggle\"><span class=\"wp-block-accordion-heading__toggle-title\">Was ist nachhaltiges Verpackungsdesign?<\/span><span class=\"wp-block-accordion-heading__toggle-icon\" aria-hidden=\"true\">+<\/span><\/button><\/h2>\n\n\n\n<div inert aria-labelledby=\"accordion-item-2\" data-wp-bind--inert=\"!state.isOpen\" id=\"accordion-item-2-panel\" role=\"region\" class=\"wp-block-accordion-panel is-layout-flow wp-block-accordion-panel-is-layout-flow\">\n<p class=\"wp-block-paragraph\">Nachhaltiges Verpackungsdesign ber\u00fccksichtigt \u00f6kologische, \u00f6konomische und soziale Faktoren \u00fcber den gesamten Lebenszyklus einer Verpackung. Ziel ist es, Ressourcen zu schonen, Recyclingf\u00e4higkeit zu gew\u00e4hrleisten und gleichzeitig Markenbotschaften erlebbar zu machen. Dazu geh\u00f6ren:<\/p>\n\n\n\n<ul class=\"wp-block-list\">\n<li>Materialwahl: recycelbare, biobasierte oder kompostierbare Materialien<\/li>\n\n\n\n<li>Reduktion: minimaler Materialeinsatz bei maximalem Produktschutz<\/li>\n\n\n\n<li>Funktion &amp; Kommunikation: Verpackung sch\u00fctzt, informiert und st\u00e4rkt die Markenidentit\u00e4t<\/li>\n\n\n\n<li>Innovation: neue Konzepte, die Kreislauff\u00e4higkeit und Nutzerfreundlichkeit kombinieren<\/li>\n<\/ul>\n\n\n\n<p class=\"wp-block-paragraph\">Nachhaltiges Packaging ist also mehr als umweltfreundlich \u2013 es verbindet Design, Markenstrategie und Verantwortung f\u00fcr die Zukunft.<\/p>\n\n\n\n<div class=\"wp-block-buttons is-layout-flex wp-block-buttons-is-layout-flex\">\n<div class=\"wp-block-button\"><a class=\"wp-block-button__link wp-element-button\" href=\"https:\/\/www.milk-food.de\/en\/faq\/sustainability\/what-is-sustainable-packaging-design\/\">Mehr erfahren \u00fcber nachhaltiges Verpackungsdesign<\/a><\/div>\n<\/div>\n<\/div>\n<\/div>\n\n\n\n<div data-wp-class--is-open=\"state.isOpen\" data-wp-context=\"{ &quot;id&quot;: &quot;accordion-item-3&quot;, &quot;openByDefault&quot;: false }\" data-wp-init=\"callbacks.initAccordionItems\" data-wp-on-window--hashchange=\"callbacks.hashChange\" class=\"wp-block-accordion-item is-layout-flow wp-block-accordion-item-is-layout-flow\">\n<h2 class=\"wp-block-accordion-heading\"><button aria-expanded=\"false\" aria-controls=\"accordion-item-3-panel\" data-wp-bind--aria-expanded=\"state.isOpen\" data-wp-on--click=\"actions.toggle\" data-wp-on--keydown=\"actions.handleKeyDown\" id=\"accordion-item-3\" type=\"button\" class=\"wp-block-accordion-heading__toggle\"><span class=\"wp-block-accordion-heading__toggle-title\">Welche nachhaltigen Verpackungsmaterialien gibt es f\u00fcr Lebensmittel?<\/span><span class=\"wp-block-accordion-heading__toggle-icon\" aria-hidden=\"true\">+<\/span><\/button><\/h2>\n\n\n\n<div inert aria-labelledby=\"accordion-item-3\" data-wp-bind--inert=\"!state.isOpen\" id=\"accordion-item-3-panel\" role=\"region\" class=\"wp-block-accordion-panel is-layout-flow wp-block-accordion-panel-is-layout-flow\">\n<p class=\"wp-block-paragraph\">Nachhaltige Verpackungen f\u00fcr Lebensmittel kombinieren Funktionalit\u00e4t, Sicherheit und Umweltfreundlichkeit. H\u00e4ufig eingesetzte Materialien sind:<\/p>\n\n\n\n<ul class=\"wp-block-list\">\n<li>Papier und Karton aus FSC-zertifizierten oder recycelten Quellen<\/li>\n\n\n\n<li>Monomaterialien wie PE oder PET, die vollst\u00e4ndig recycelbar sind<\/li>\n\n\n\n<li>Biobasierte Kunststoffe aus Pflanzenrohstoffen wie Maisst\u00e4rke oder Zuckerrohr<\/li>\n\n\n\n<li>Faserverbunde und Bagasse (Reste aus Zuckerrohr oder anderen Pflanzen)<\/li>\n\n\n\n<li>Kompostierbare Folien nach EN13432 f\u00fcr industrielles oder heimisches KompostierenJedes Material wird nach Haltbarkeit, Produktschutz, Recyclingf\u00e4higkeit und Markenwirkung ausgew\u00e4hlt, um Nachhaltigkeit messbar zu machen.<\/li>\n<\/ul>\n<\/div>\n<\/div>\n\n\n\n<div data-wp-class--is-open=\"state.isOpen\" data-wp-context=\"{ &quot;id&quot;: &quot;accordion-item-4&quot;, &quot;openByDefault&quot;: false }\" data-wp-init=\"callbacks.initAccordionItems\" data-wp-on-window--hashchange=\"callbacks.hashChange\" class=\"wp-block-accordion-item is-layout-flow wp-block-accordion-item-is-layout-flow\">\n<h2 class=\"wp-block-accordion-heading\"><button aria-expanded=\"false\" aria-controls=\"accordion-item-4-panel\" data-wp-bind--aria-expanded=\"state.isOpen\" data-wp-on--click=\"actions.toggle\" data-wp-on--keydown=\"actions.handleKeyDown\" id=\"accordion-item-4\" type=\"button\" class=\"wp-block-accordion-heading__toggle\"><span class=\"wp-block-accordion-heading__toggle-title\">Wie entwickelt MILK. nachhaltige Verpackungsl\u00f6sungen f\u00fcr Marken?<\/span><span class=\"wp-block-accordion-heading__toggle-icon\" aria-hidden=\"true\">+<\/span><\/button><\/h2>\n\n\n\n<div inert aria-labelledby=\"accordion-item-4\" data-wp-bind--inert=\"!state.isOpen\" id=\"accordion-item-4-panel\" role=\"region\" class=\"wp-block-accordion-panel is-layout-flow wp-block-accordion-panel-is-layout-flow\">\n<p class=\"wp-block-paragraph\">Wir starten mit einer genauen Analyse: Produktanforderungen, Markenwerte und Zielgruppenverhalten. Darauf aufbauend entwickeln wir Designl\u00f6sungen, die Materialeinsatz reduzieren, Kreislauff\u00e4higkeit erh\u00f6hen und gleichzeitig die Markenidentit\u00e4t st\u00e4rken.<\/p>\n\n\n\n<p class=\"wp-block-paragraph\">Das Ergebnis: Nachhaltigkeit, die sichtbar, sp\u00fcrbar und glaubw\u00fcrdig ist.<\/p>\n<\/div>\n<\/div>\n\n\n\n<div data-wp-class--is-open=\"state.isOpen\" data-wp-context=\"{ &quot;id&quot;: &quot;accordion-item-5&quot;, &quot;openByDefault&quot;: false }\" data-wp-init=\"callbacks.initAccordionItems\" data-wp-on-window--hashchange=\"callbacks.hashChange\" class=\"wp-block-accordion-item is-layout-flow wp-block-accordion-item-is-layout-flow\">\n<h2 class=\"wp-block-accordion-heading\"><button aria-expanded=\"false\" aria-controls=\"accordion-item-5-panel\" data-wp-bind--aria-expanded=\"state.isOpen\" data-wp-on--click=\"actions.toggle\" data-wp-on--keydown=\"actions.handleKeyDown\" id=\"accordion-item-5\" type=\"button\" class=\"wp-block-accordion-heading__toggle\"><span class=\"wp-block-accordion-heading__toggle-title\">Wie l\u00e4sst sich Nachhaltigkeit gestalten, ohne auf Markenwirkung zu verzichten?<\/span><span class=\"wp-block-accordion-heading__toggle-icon\" aria-hidden=\"true\">+<\/span><\/button><\/h2>\n\n\n\n<div inert aria-labelledby=\"accordion-item-5\" data-wp-bind--inert=\"!state.isOpen\" id=\"accordion-item-5-panel\" role=\"region\" class=\"wp-block-accordion-panel is-layout-flow wp-block-accordion-panel-is-layout-flow\">\n<p class=\"wp-block-paragraph\">Nachhaltigkeit und Markeninszenierung schlie\u00dfen sich nicht aus \u2013 im Gegenteil. Reduzierte Formen, nat\u00fcrliche Farbwelten und ehrliche Materialien k\u00f6nnen Marken emotional aufladen und Vertrauen schaffen.<\/p>\n\n\n\n<p class=\"wp-block-paragraph\">Bei MILK. gestalten wir Verpackungen, die bewusst wirken \u2013 nicht belehrend, sondern inspirierend.<\/p>\n<\/div>\n<\/div>\n\n\n\n<div data-wp-class--is-open=\"state.isOpen\" data-wp-context=\"{ &quot;id&quot;: &quot;accordion-item-6&quot;, &quot;openByDefault&quot;: false }\" data-wp-init=\"callbacks.initAccordionItems\" data-wp-on-window--hashchange=\"callbacks.hashChange\" class=\"wp-block-accordion-item is-layout-flow wp-block-accordion-item-is-layout-flow\">\n<h2 class=\"wp-block-accordion-heading\"><button aria-expanded=\"false\" aria-controls=\"accordion-item-6-panel\" data-wp-bind--aria-expanded=\"state.isOpen\" data-wp-on--click=\"actions.toggle\" data-wp-on--keydown=\"actions.handleKeyDown\" id=\"accordion-item-6\" type=\"button\" class=\"wp-block-accordion-heading__toggle\"><span class=\"wp-block-accordion-heading__toggle-title\">Was bedeutet kompostierbar, biologisch abbaubar oder recycelbar?<\/span><span class=\"wp-block-accordion-heading__toggle-icon\" aria-hidden=\"true\">+<\/span><\/button><\/h2>\n\n\n\n<div inert aria-labelledby=\"accordion-item-6\" data-wp-bind--inert=\"!state.isOpen\" id=\"accordion-item-6-panel\" role=\"region\" class=\"wp-block-accordion-panel is-layout-flow wp-block-accordion-panel-is-layout-flow\">\n<p class=\"wp-block-paragraph\">Diese Begriffe werden oft verwechselt, haben aber unterschiedliche Bedeutungen:<\/p>\n\n\n\n<ul class=\"wp-block-list\">\n<li>Kompostierbar: Das Material kann unter industriellen oder heimischen Bedingungen in einer bestimmten Zeit zu Humus zersetzt werden (z.\u202fB. nach EN13432-Norm).<\/li>\n\n\n\n<li>Biologisch abbaubar: Das Material zerf\u00e4llt durch nat\u00fcrliche Prozesse in kleinere Bestandteile, die von Mikroorganismen abgebaut werden. Die Bedingungen und Geschwindigkeit sind weniger streng geregelt als bei Kompostierbarkeit.<\/li>\n\n\n\n<li>Recycelbar: Das Material kann in den bestehenden Recyclingkreislauf zur\u00fcckgef\u00fchrt und zu neuem Produktmaterial verarbeitet werden. Wichtig ist, dass es sortenrein und f\u00fcr die vorhandene Recycling-Infrastruktur geeignet ist.<\/li>\n<\/ul>\n\n\n\n<p class=\"wp-block-paragraph\">Hinweis: Ein Material kann gleichzeitig recycelbar und biologisch abbaubar sein, muss es aber nicht \u2013 daher ist die Auswahl abh\u00e4ngig von Produkt, Anwendung und Umweltstrategie.<\/p>\n<\/div>\n<\/div>\n\n\n\n<div data-wp-class--is-open=\"state.isOpen\" data-wp-context=\"{ &quot;id&quot;: &quot;accordion-item-7&quot;, &quot;openByDefault&quot;: false }\" data-wp-init=\"callbacks.initAccordionItems\" data-wp-on-window--hashchange=\"callbacks.hashChange\" class=\"wp-block-accordion-item is-layout-flow wp-block-accordion-item-is-layout-flow\">\n<h2 class=\"wp-block-accordion-heading\"><button aria-expanded=\"false\" aria-controls=\"accordion-item-7-panel\" data-wp-bind--aria-expanded=\"state.isOpen\" data-wp-on--click=\"actions.toggle\" data-wp-on--keydown=\"actions.handleKeyDown\" id=\"accordion-item-7\" type=\"button\" class=\"wp-block-accordion-heading__toggle\"><span class=\"wp-block-accordion-heading__toggle-title\">Wie hilft nachhaltiges Packaging, Marken strategisch zu positionieren?<\/span><span class=\"wp-block-accordion-heading__toggle-icon\" aria-hidden=\"true\">+<\/span><\/button><\/h2>\n\n\n\n<div inert aria-labelledby=\"accordion-item-7\" data-wp-bind--inert=\"!state.isOpen\" id=\"accordion-item-7-panel\" role=\"region\" class=\"wp-block-accordion-panel is-layout-flow wp-block-accordion-panel-is-layout-flow\">\n<p class=\"wp-block-paragraph\">Nachhaltiges Design ist f\u00fcr MILK. kein Trend, sondern ein strategisches Differenzierungsmerkmal. Marken, die Verantwortung sichtbar machen, schaffen Vertrauen und Relevanz. Wir entwickeln Packaging, das \u00f6kologische Werte klar kommuniziert \u2013 ohne Greenwashing, aber mit Haltung und Wiedererkennbarkeit.<\/p>\n<\/div>\n<\/div>\n\n\n\n<div data-wp-class--is-open=\"state.isOpen\" data-wp-context=\"{ &quot;id&quot;: &quot;accordion-item-8&quot;, &quot;openByDefault&quot;: false }\" data-wp-init=\"callbacks.initAccordionItems\" data-wp-on-window--hashchange=\"callbacks.hashChange\" class=\"wp-block-accordion-item is-layout-flow wp-block-accordion-item-is-layout-flow\">\n<h2 class=\"wp-block-accordion-heading\"><button aria-expanded=\"false\" aria-controls=\"accordion-item-8-panel\" data-wp-bind--aria-expanded=\"state.isOpen\" data-wp-on--click=\"actions.toggle\" data-wp-on--keydown=\"actions.handleKeyDown\" id=\"accordion-item-8\" type=\"button\" class=\"wp-block-accordion-heading__toggle\"><span class=\"wp-block-accordion-heading__toggle-title\">Wie vereint MILK. Nachhaltigkeit und kreatives Design?<\/span><span class=\"wp-block-accordion-heading__toggle-icon\" aria-hidden=\"true\">+<\/span><\/button><\/h2>\n\n\n\n<div inert aria-labelledby=\"accordion-item-8\" data-wp-bind--inert=\"!state.isOpen\" id=\"accordion-item-8-panel\" role=\"region\" class=\"wp-block-accordion-panel is-layout-flow wp-block-accordion-panel-is-layout-flow\">\n<p class=\"wp-block-paragraph\">F\u00fcr uns schlie\u00dfen sich Nachhaltigkeit und Kreativit\u00e4t nicht aus \u2013 sie inspirieren einander. Wir gestalten L\u00f6sungen, die mit weniger Material, klarer Formensprache und ehrlicher \u00c4sthetik mehr Wirkung erzielen. So entsteht Packaging, das umweltbewusst ist und zugleich Marken begehrlich macht.<\/p>\n\n\n\n<div class=\"wp-block-buttons is-layout-flex wp-block-buttons-is-layout-flex\">\n<div class=\"wp-block-button\"><a class=\"wp-block-button__link wp-element-button\" href=\"https:\/\/www.milk-food.de\/service\/sustainable-packaging\/\">Unser Sustainable Packaging Service<\/a><\/div>\n<\/div>\n<\/div>\n<\/div>\n\n\n\n<div data-wp-class--is-open=\"state.isOpen\" data-wp-context=\"{ &quot;id&quot;: &quot;accordion-item-9&quot;, &quot;openByDefault&quot;: false }\" data-wp-init=\"callbacks.initAccordionItems\" data-wp-on-window--hashchange=\"callbacks.hashChange\" class=\"wp-block-accordion-item is-layout-flow wp-block-accordion-item-is-layout-flow\">\n<h2 class=\"wp-block-accordion-heading\"><button aria-expanded=\"false\" aria-controls=\"accordion-item-9-panel\" data-wp-bind--aria-expanded=\"state.isOpen\" data-wp-on--click=\"actions.toggle\" data-wp-on--keydown=\"actions.handleKeyDown\" id=\"accordion-item-9\" type=\"button\" class=\"wp-block-accordion-heading__toggle\"><span class=\"wp-block-accordion-heading__toggle-title\">Welche Rolle spielt Nachhaltigkeit im Packaging entlang der gesamten Wertsch\u00f6pfungskette?<\/span><span class=\"wp-block-accordion-heading__toggle-icon\" aria-hidden=\"true\">+<\/span><\/button><\/h2>\n\n\n\n<div inert aria-labelledby=\"accordion-item-9\" data-wp-bind--inert=\"!state.isOpen\" id=\"accordion-item-9-panel\" role=\"region\" class=\"wp-block-accordion-panel is-layout-flow wp-block-accordion-panel-is-layout-flow\">\n<p class=\"wp-block-paragraph\">Nachhaltigkeit betrifft Packaging nicht nur am Ende, sondern entlang der gesamten Wertsch\u00f6pfungskette \u2013 von Materialwahl bis Entsorgung.<\/p>\n\n\n\n<p class=\"wp-block-paragraph\"><strong>Material- und Ressourceneffizienz<\/strong><br\/>Der Einsatz von recycelten, mono-materialien oder biologisch abbaubaren Werkstoffen reduziert Rohstoffverbrauch und CO\u2082-Fu\u00dfabdruck bereits in der Produktion.<\/p>\n\n\n\n<p class=\"wp-block-paragraph\"><strong>Herstellung &amp; Logistik<\/strong><br\/>Leichtere, platzsparende Packungen senken Transportaufwand und Energieverbrauch. Effiziente Prozesse schonen Umwelt und Kosten.<\/p>\n\n\n\n<p class=\"wp-block-paragraph\"><strong>Nutzung &amp; Verbraucherkommunikation<\/strong><br\/>Transparente Recyclinghinweise, wiederverwendbare oder nachf\u00fcllbare Systeme f\u00f6rdern korrekte Entsorgung und st\u00e4rken das Vertrauen in die Marke.<\/p>\n\n\n\n<p class=\"wp-block-paragraph\"><strong>End-of-Life &amp; Kreislaufwirtschaft<\/strong><br\/>Design-for-Recycling und R\u00fccknahmeprogramme schlie\u00dfen den Kreislauf, reduzieren Abfall und schaffen messbare Nachhaltigkeit.<\/p>\n\n\n\n<p class=\"wp-block-paragraph\">Nachhaltiges Packaging wird so zum strategischen Hebel: \u00f6kologisch wirksam, markenkonform und entlang der gesamten Kette relevant.<\/p>\n<\/div>\n<\/div>\n\n\n\n<div data-wp-class--is-open=\"state.isOpen\" data-wp-context=\"{ &quot;id&quot;: &quot;accordion-item-10&quot;, &quot;openByDefault&quot;: false }\" data-wp-init=\"callbacks.initAccordionItems\" data-wp-on-window--hashchange=\"callbacks.hashChange\" class=\"wp-block-accordion-item is-layout-flow wp-block-accordion-item-is-layout-flow\">\n<h2 class=\"wp-block-accordion-heading\"><button aria-expanded=\"false\" aria-controls=\"accordion-item-10-panel\" data-wp-bind--aria-expanded=\"state.isOpen\" data-wp-on--click=\"actions.toggle\" data-wp-on--keydown=\"actions.handleKeyDown\" id=\"accordion-item-10\" type=\"button\" class=\"wp-block-accordion-heading__toggle\"><span class=\"wp-block-accordion-heading__toggle-title\">Wie schafft man ein Packaging-Design, das sowohl aufmerksamkeitsstark als auch kreislauff\u00e4hig ist?<\/span><span class=\"wp-block-accordion-heading__toggle-icon\" aria-hidden=\"true\">+<\/span><\/button><\/h2>\n\n\n\n<div inert aria-labelledby=\"accordion-item-10\" data-wp-bind--inert=\"!state.isOpen\" id=\"accordion-item-10-panel\" role=\"region\" class=\"wp-block-accordion-panel is-layout-flow wp-block-accordion-panel-is-layout-flow\">\n<p class=\"wp-block-paragraph\">Ein Packaging-Design muss sichtbar und wiedererkennbar sein, ohne den Kreislauf zu blockieren.<\/p>\n\n\n\n<p class=\"wp-block-paragraph\"><strong>Klare Formsprache und reduzierte Elemente<\/strong><br\/>Einpr\u00e4gsame Typografie, pr\u00e4gnante Farben und reduzierte Grafiken sorgen f\u00fcr Aufmerksamkeit, auch bei Mono-Materialien oder Papierl\u00f6sungen.<\/p>\n\n\n\n<p class=\"wp-block-paragraph\"><strong>Materialwahl mit Mehrwert<\/strong><br\/>Rezyklate, Mono-Kunststoffe oder faserbasierte Materialien erm\u00f6glichen Kreislauff\u00e4higkeit und lassen sich gleichzeitig hochwertig und attraktiv gestalten.<\/p>\n\n\n\n<p class=\"wp-block-paragraph\"><strong>Intelligente Oberfl\u00e4chen &amp; Veredelung<\/strong><br\/>Strukturpr\u00e4gungen, partielle Lacke oder Spot-UV k\u00f6nnen Akzente setzen, ohne Recycling oder Kompostierung zu erschweren.<\/p>\n\n\n\n<p class=\"wp-block-paragraph\"><strong>Storytelling &amp; Claims<\/strong><br\/>Transparente Kommunikation zu Nachhaltigkeit und Qualit\u00e4t verst\u00e4rkt die emotionale Wirkung am POS, ohne Materialkomplexit\u00e4t zu erh\u00f6hen.<\/p>\n\n\n\n<p class=\"wp-block-paragraph\">So entsteht ein Packaging, das auff\u00e4llt, Verbraucher anspricht und gleichzeitig den Prinzipien der Kreislaufwirtschaft folgt.<\/p>\n<\/div>\n<\/div>\n\n\n\n<div data-wp-class--is-open=\"state.isOpen\" data-wp-context=\"{ &quot;id&quot;: &quot;accordion-item-11&quot;, &quot;openByDefault&quot;: false }\" data-wp-init=\"callbacks.initAccordionItems\" data-wp-on-window--hashchange=\"callbacks.hashChange\" class=\"wp-block-accordion-item is-layout-flow wp-block-accordion-item-is-layout-flow\">\n<h2 class=\"wp-block-accordion-heading\"><button aria-expanded=\"false\" aria-controls=\"accordion-item-11-panel\" data-wp-bind--aria-expanded=\"state.isOpen\" data-wp-on--click=\"actions.toggle\" data-wp-on--keydown=\"actions.handleKeyDown\" id=\"accordion-item-11\" type=\"button\" class=\"wp-block-accordion-heading__toggle\"><span class=\"wp-block-accordion-heading__toggle-title\">Bietet MILK. nachhaltige Verpackungsl\u00f6sungen, die wirklich kreislauff\u00e4hig sind?<\/span><span class=\"wp-block-accordion-heading__toggle-icon\" aria-hidden=\"true\">+<\/span><\/button><\/h2>\n\n\n\n<div inert aria-labelledby=\"accordion-item-11\" data-wp-bind--inert=\"!state.isOpen\" id=\"accordion-item-11-panel\" role=\"region\" class=\"wp-block-accordion-panel is-layout-flow wp-block-accordion-panel-is-layout-flow\">\n<p class=\"wp-block-paragraph\">Ja, wir bei MILK. bieten nachhaltige Verpackungsl\u00f6sungen, die von Anfang an auf Kreislauf- und Nachhaltigkeitsaspekte ausgelegt sind.<\/p>\n\n\n\n<p class=\"wp-block-paragraph\"><strong>Unser Ansatz<\/strong><\/p>\n\n\n\n<ul class=\"wp-block-list\">\n<li>Wir beraten bei der Materialwahl \u2013 von recycelbaren Monomaterialien \u00fcber Rezyklate bis hin zu kompostierbaren oder biobasierten Alternativen.<\/li>\n\n\n\n<li>Nachhaltigkeit ist bei uns kein nachtr\u00e4glicher Zusatz, sondern wird von der Strategie \u00fcber Design bis zur Produktion integriert.<\/li>\n\n\n\n<li>Unser Ziel ist es, Verpackungen zu gestalten, die funktional, marken\u00e4sthetisch und gleichzeitig kreislauff\u00e4hig sind \u2013 \u00f6kologisch verantwortbar und produktgerecht.<\/li>\n<\/ul>\n\n\n\n<p class=\"wp-block-paragraph\"><strong>Worauf wir achten<\/strong><\/p>\n\n\n\n<ul class=\"wp-block-list\">\n<li>Wir ber\u00fccksichtigen, dass nachhaltige Materialien und Prozesse je nach Projekt komplexer oder kostenintensiver sein k\u00f6nnen.<\/li>\n\n\n\n<li>Dabei achten wir darauf, dass Materialqualit\u00e4t, Recyclingf\u00e4higkeit und Verbraucherinformation im Einklang stehen \u2013 Verpackungen sollen nicht nur nachhaltig wirken, sondern es auch wirklich sein.<\/li>\n\n\n\n<li><span>So schaffen wir Verpackungen, die sichtbar, markenstark und gleichzeitig kreislauff\u00e4hig sind \u2013 f\u00fcr Produkte, die sowohl beim Verbraucher als auch f\u00fcr die Umwelt punkten.<\/span><\/li>\n<\/ul>\n<\/div>\n<\/div>\n\n\n\n<div data-wp-class--is-open=\"state.isOpen\" data-wp-context=\"{ &quot;id&quot;: &quot;accordion-item-12&quot;, &quot;openByDefault&quot;: false }\" data-wp-init=\"callbacks.initAccordionItems\" data-wp-on-window--hashchange=\"callbacks.hashChange\" class=\"wp-block-accordion-item is-layout-flow wp-block-accordion-item-is-layout-flow\">\n<h2 class=\"wp-block-accordion-heading\"><button aria-expanded=\"false\" aria-controls=\"accordion-item-12-panel\" data-wp-bind--aria-expanded=\"state.isOpen\" data-wp-on--click=\"actions.toggle\" data-wp-on--keydown=\"actions.handleKeyDown\" id=\"accordion-item-12\" type=\"button\" class=\"wp-block-accordion-heading__toggle\"><span class=\"wp-block-accordion-heading__toggle-title\">Welche Materialien sind f\u00fcr kreislauff\u00e4hige Lebensmittelverpackungen derzeit am vielversprechendsten?<\/span><span class=\"wp-block-accordion-heading__toggle-icon\" aria-hidden=\"true\">+<\/span><\/button><\/h2>\n\n\n\n<div inert aria-labelledby=\"accordion-item-12\" data-wp-bind--inert=\"!state.isOpen\" id=\"accordion-item-12-panel\" role=\"region\" class=\"wp-block-accordion-panel is-layout-flow wp-block-accordion-panel-is-layout-flow\">\n<p class=\"wp-block-paragraph\">F\u00fcr kreislauff\u00e4hige Verpackungen setzen sich derzeit besonders folgende Materialien durch:<\/p>\n\n\n\n<ul class=\"wp-block-list\">\n<li><strong>Monomaterial-Kunststoffe (PE, PP)<\/strong>: sortenrein recycelbar, robust und vielseitig einsetzbar.<\/li>\n\n\n\n<li><strong>Rezyklatkunststoffe (PCR)<\/strong>: reduziert Rohstoffverbrauch und CO\u2082-Fu\u00dfabdruck.<\/li>\n\n\n\n<li><strong>Papier &amp; Karton<\/strong>: etabliert im Recycling, ideal f\u00fcr trockene Produkte; bei Beschichtungen auf Recyclingf\u00e4higkeit achten.<\/li>\n\n\n\n<li><strong>Biobasierte Materialien (Zellulose, Algenfolien, Biopolymere)<\/strong>: vielversprechend f\u00fcr kurze Haltbarkeit und nat\u00fcrliche Kommunikation, oft noch in Pilotphase.<\/li>\n<\/ul>\n\n\n\n<p class=\"wp-block-paragraph\">Entscheidend ist, dass die Materialien sortenrein, recyclingf\u00e4hig und f\u00fcr den jeweiligen Produktschutz geeignet sind.<\/p>\n<\/div>\n<\/div>\n\n\n\n<div data-wp-class--is-open=\"state.isOpen\" data-wp-context=\"{ &quot;id&quot;: &quot;accordion-item-13&quot;, &quot;openByDefault&quot;: false }\" data-wp-init=\"callbacks.initAccordionItems\" data-wp-on-window--hashchange=\"callbacks.hashChange\" class=\"wp-block-accordion-item is-layout-flow wp-block-accordion-item-is-layout-flow\">\n<h2 class=\"wp-block-accordion-heading\"><button aria-expanded=\"false\" aria-controls=\"accordion-item-13-panel\" data-wp-bind--aria-expanded=\"state.isOpen\" data-wp-on--click=\"actions.toggle\" data-wp-on--keydown=\"actions.handleKeyDown\" id=\"accordion-item-13\" type=\"button\" class=\"wp-block-accordion-heading__toggle\"><span class=\"wp-block-accordion-heading__toggle-title\">Welche Anforderungen haben Handelspartner an Listungen in Bezug auf Design und Nachhaltigkeit?<\/span><span class=\"wp-block-accordion-heading__toggle-icon\" aria-hidden=\"true\">+<\/span><\/button><\/h2>\n\n\n\n<div inert aria-labelledby=\"accordion-item-13\" data-wp-bind--inert=\"!state.isOpen\" id=\"accordion-item-13-panel\" role=\"region\" class=\"wp-block-accordion-panel is-layout-flow wp-block-accordion-panel-is-layout-flow\">\n<p class=\"wp-block-paragraph\">Handelspartner pr\u00fcfen heute Verpackungen nicht nur auf optische Attraktivit\u00e4t, sondern zunehmend auf \u00f6kologische und funktionale Kriterien.<\/p>\n\n\n\n<p class=\"wp-block-paragraph\"><strong>Design-Anforderungen<\/strong><\/p>\n\n\n\n<ul class=\"wp-block-list\">\n<li><strong>Sofortige Wiedererkennbarkeit<\/strong>: Logo, Sortenkennzeichnung und Claim m\u00fcssen klar und auff\u00e4llig sein.<\/li>\n\n\n\n<li><strong>POS-Tauglichkeit<\/strong>: Verpackung muss im Regal hervorstechen, Orientierung bieten und die Kaufentscheidung unterst\u00fctzen.<\/li>\n\n\n\n<li><strong>Markenkoh\u00e4renz<\/strong>: Design soll das Markenversprechen transportieren und konsistent \u00fcber alle Varianten wirken.<\/li>\n<\/ul>\n\n\n\n<p class=\"wp-block-paragraph\"><strong>Nachhaltigkeits-Anforderungen<\/strong><\/p>\n\n\n\n<ul class=\"wp-block-list\">\n<li><strong>Recyclingf\u00e4higkeit<\/strong>: Monomaterialien, Trennbarkeit von Materialien, Recyclinglabels.<\/li>\n\n\n\n<li><strong>Nachweisbare Nachhaltigkeit<\/strong>: Einsatz von Rezyklaten, \u00d6kobilanz, Zertifikate wie FSC, Bio oder Cradle-to-Cradle.<\/li>\n\n\n\n<li><strong>Transparente Kommunikation<\/strong>: Hinweise zu Material, Entsorgung und Umweltfreundlichkeit f\u00fcr Verbraucher.<\/li>\n<\/ul>\n\n\n\n<p class=\"wp-block-paragraph\">Handelspartner erwarten also Verpackungen, die gleichzeitig aufmerksamkeitsstark, funktional und glaubw\u00fcrdig nachhaltig sind.<\/p>\n<\/div>\n<\/div>\n\n\n\n<div data-wp-class--is-open=\"state.isOpen\" data-wp-context=\"{ &quot;id&quot;: &quot;accordion-item-14&quot;, &quot;openByDefault&quot;: false }\" data-wp-init=\"callbacks.initAccordionItems\" data-wp-on-window--hashchange=\"callbacks.hashChange\" class=\"wp-block-accordion-item is-layout-flow wp-block-accordion-item-is-layout-flow\">\n<h2 class=\"wp-block-accordion-heading\"><button aria-expanded=\"false\" aria-controls=\"accordion-item-14-panel\" data-wp-bind--aria-expanded=\"state.isOpen\" data-wp-on--click=\"actions.toggle\" data-wp-on--keydown=\"actions.handleKeyDown\" id=\"accordion-item-14\" type=\"button\" class=\"wp-block-accordion-heading__toggle\"><span class=\"wp-block-accordion-heading__toggle-title\">Welche nachhaltigen Druckfarben und Veredelungen sind lebensmitteltauglich?<\/span><span class=\"wp-block-accordion-heading__toggle-icon\" aria-hidden=\"true\">+<\/span><\/button><\/h2>\n\n\n\n<div inert aria-labelledby=\"accordion-item-14\" data-wp-bind--inert=\"!state.isOpen\" id=\"accordion-item-14-panel\" role=\"region\" class=\"wp-block-accordion-panel is-layout-flow wp-block-accordion-panel-is-layout-flow\">\n<p class=\"wp-block-paragraph\">F\u00fcr Lebensmittelverpackungen eignen sich vor allem<\/p>\n\n\n\n<p class=\"wp-block-paragraph\">wasserbasierte Druckfarben<\/p>\n\n\n\n<p class=\"wp-block-paragraph\">,<\/p>\n\n\n\n<p class=\"wp-block-paragraph\">UV-h\u00e4rtende Farben mit Lebensmittelsicherheitszertifikat<\/p>\n\n\n\n<p class=\"wp-block-paragraph\">und<\/p>\n\n\n\n<p class=\"wp-block-paragraph\">Naturharzlacke<\/p>\n\n\n\n<p class=\"wp-block-paragraph\">.<\/p>\n\n\n\n<p class=\"wp-block-paragraph\">Bei Veredelungen sind<\/p>\n\n\n\n<p class=\"wp-block-paragraph\">Pr\u00e4gungen, Spot-UV auf wasserbasierter Basis<\/p>\n\n\n\n<p class=\"wp-block-paragraph\">oder<\/p>\n\n\n\n<p class=\"wp-block-paragraph\">Matt- und Glanzlacke mit Lebensmittelzulassung<\/p>\n\n\n\n<p class=\"wp-block-paragraph\">m\u00f6glich.<\/p>\n\n\n\n<p class=\"wp-block-paragraph\">Wichtig: Alle Materialien m\u00fcssen<\/p>\n\n\n\n<p class=\"wp-block-paragraph\">migrationstests bestehen<\/p>\n\n\n\n<p class=\"wp-block-paragraph\">und f\u00fcr den direkten oder indirekten Lebensmittelkontakt zugelassen sein.<\/p>\n<\/div>\n<\/div>\n\n\n\n<div data-wp-class--is-open=\"state.isOpen\" data-wp-context=\"{ &quot;id&quot;: &quot;accordion-item-15&quot;, &quot;openByDefault&quot;: false }\" data-wp-init=\"callbacks.initAccordionItems\" data-wp-on-window--hashchange=\"callbacks.hashChange\" class=\"wp-block-accordion-item is-layout-flow wp-block-accordion-item-is-layout-flow\">\n<h2 class=\"wp-block-accordion-heading\"><button aria-expanded=\"false\" aria-controls=\"accordion-item-15-panel\" data-wp-bind--aria-expanded=\"state.isOpen\" data-wp-on--click=\"actions.toggle\" data-wp-on--keydown=\"actions.handleKeyDown\" id=\"accordion-item-15\" type=\"button\" class=\"wp-block-accordion-heading__toggle\"><span class=\"wp-block-accordion-heading__toggle-title\">Welche Best Practices gibt es f\u00fcr Mehrweg- und Pfandsysteme im Getr\u00e4nkebereich?<\/span><span class=\"wp-block-accordion-heading__toggle-icon\" aria-hidden=\"true\">+<\/span><\/button><\/h2>\n\n\n\n<div inert aria-labelledby=\"accordion-item-15\" data-wp-bind--inert=\"!state.isOpen\" id=\"accordion-item-15-panel\" role=\"region\" class=\"wp-block-accordion-panel is-layout-flow wp-block-accordion-panel-is-layout-flow\">\n<p class=\"wp-block-paragraph\">Erfolgreiche Systeme kombinieren Nachhaltigkeit, Convenience und Wiedererkennung:<\/p>\n\n\n\n<p class=\"wp-block-paragraph\"><strong>Standardisierte Flaschen &amp; Verpackungen<\/strong><\/p>\n\n\n\n<ul class=\"wp-block-list\">\n<li>Einheitliche Gr\u00f6\u00dfen und Materialien erleichtern Logistik, Reinigung und R\u00fcckf\u00fchrung.<\/li>\n<\/ul>\n\n\n\n<p class=\"wp-block-paragraph\"><strong>Klare Kennzeichnung &amp; Branding<\/strong><\/p>\n\n\n\n<ul class=\"wp-block-list\">\n<li>Wiedererkennbare Markenfarben und Logos unterst\u00fctzen die Markenbindung und erleichtern die Handhabung f\u00fcr Verbraucher.<\/li>\n<\/ul>\n\n\n\n<p class=\"wp-block-paragraph\"><strong>Einfache Handhabung f\u00fcr Verbraucher<\/strong><\/p>\n\n\n\n<ul class=\"wp-block-list\">\n<li>Intuitive R\u00fcckgabesysteme, leicht zu \u00f6ffnende Verschl\u00fcsse und stapelbare Designs erh\u00f6hen Akzeptanz und R\u00fccklaufquoten.<\/li>\n<\/ul>\n\n\n\n<p class=\"wp-block-paragraph\"><strong>Integration in Handel &amp; Gastronomie<\/strong><\/p>\n\n\n\n<ul class=\"wp-block-list\">\n<li>Kooperationen mit Handelspartnern, R\u00fccknahme-Stationen und Automaten sorgen f\u00fcr einfache Nutzung im Alltag.<\/li>\n<\/ul>\n\n\n\n<p class=\"wp-block-paragraph\"><strong>Regelm\u00e4\u00dfige Hygiene- und Qualit\u00e4tskontrollen<\/strong><\/p>\n\n\n\n<ul class=\"wp-block-list\">\n<li>Sauberkeit, Frische und Produktsicherheit sichern Vertrauen und Wiederkauf.<\/li>\n<\/ul>\n\n\n\n<p class=\"wp-block-paragraph\">Best Practices verbinden also <strong>Design, Funktionalit\u00e4t und Nachhaltigkeit<\/strong>, um Verbraucher zu motivieren und Kreisl\u00e4ufe zuverl\u00e4ssig zu schlie\u00dfen.<\/p>\n<\/div>\n<\/div>\n<\/div>\n<\/div>\n    <aside id=\"\"\n           class=\"contact\">\n\t\t            <div class=\"contact__title\">This is how you get in touch with us via e-mail or phone.<\/div>\n\t\t\n        <div class=\"contact__grid\">\n\t\t\t\n            <div class=\"contact__details\">\n\t\t\t\t\n\t\t\t\t                    <a class=\"contact__item\" href=\"mailto:&#104;&#101;llo&#64;mi&#108;&#107;&#45;food.&#100;&#101;\"\n                       target=\"_blank\">\n                            <span class=\"contact__icon icon\">\n                                <svg xmlns=\"http:\/\/www.w3.org\/2000\/svg\" height=\"24\" viewBox=\"0 0 24 24\" width=\"24\">\n    <path fill=\"currentColor\"\n          d=\"M20 4H4c-1.1 0-1.99.9-1.99 2L2 18c0 1.1.9 2 2 2h16c1.1 0 2-.9 2-2V6c0-1.1-.9-2-2-2zm0 4l-8 5-8-5V6l8 5 8-5v2z\"\/>\n<\/svg>\n                            <\/span>\n                        <span class=\"contact__label\">\n                          hell&#111;&#64;&#109;&#105;&#108;k-f&#111;od.de                        <\/span>\n                    <\/a>\n\t\t\t\t\n\t\t\t\t                    <a class=\"contact__item\"\n                       href=\"tel:+496980087170\"\n                       target=\"_blank\">\n                        <span class=\"contact__icon icon\">\n                            <svg xmlns=\"http:\/\/www.w3.org\/2000\/svg\" height=\"24\" viewBox=\"0 0 24 24\" width=\"24\">\n    <path fill=\"currentColor\"\n          d=\"M6.62 10.79c1.44 2.83 3.76 5.14 6.59 6.59l2.2-2.2c.27-.27.67-.36 1.02-.24 1.12.37 2.33.57 3.57.57.55 0 1 .45 1 1V20c0 .55-.45 1-1 1-9.39 0-17-7.61-17-17 0-.55.45-1 1-1h3.5c.55 0 1 .45 1 1 0 1.25.2 2.45.57 3.57.11.35.03.74-.25 1.02l-2.2 2.2z\"\/>\n<\/svg>\n                        <\/span>\n                        <span class=\"contact__label\">\n                            +49-69-8008717-0                        <\/span>\n                    <\/a>\n\t\t\t\t\n\t\t\t\t                        <a class=\"contact__item\"\n                           onclick=\"Calendly.showPopupWidget('https:\/\/calendly.com\/katrinleukroth');return false;\"\n                           href=\"https:\/\/calendly.com\/katrinleukroth\"\n                           rel=\"noopener\" target=\"_blank\">\n                            <span class=\"contact__icon icon\">\n                                <svg xmlns=\"http:\/\/www.w3.org\/2000\/svg\" height=\"24px\" viewBox=\"0 0 24 24\" width=\"24px\" fill=\"#000000\"><path d=\"M0 0h24v24H0V0z\" fill=\"none\"\/><path d=\"M19 3h-1V1h-2v2H8V1H6v2H5c-1.11 0-1.99.9-1.99 2L3 19c0 1.1.89 2 2 2h14c1.1 0 2-.9 2-2V5c0-1.1-.9-2-2-2zm0 16H5V9h14v10zm0-12H5V5h14v2zm-2 5h-5v5h5v-5z\"\/><\/svg>\n                            <\/span>\n                                                            <span class=\"contact__label\">Schedule a meeting<\/span>\n                                                    <\/a>\n\n                        <link href=\"https:\/\/calendly.com\/assets\/external\/widget.css\" rel=\"stylesheet\">\n                        <script src=\"https:\/\/calendly.com\/assets\/external\/widget.js\" type=\"text\/javascript\"><\/script>\n                                                <\/div>\n        <\/div>\n    <\/aside>\n","protected":false},"excerpt":{"rendered":"<p>Sustainability in packaging design.<\/p>\n","protected":false},"author":2,"featured_media":841528,"parent":849677,"menu_order":0,"comment_status":"closed","ping_status":"closed","template":"","meta":{"_acf_changed":false,"inline_featured_image":false,"footnotes":""},"class_list":["post-852989","page","type-page","status-publish","has-post-thumbnail","hentry"],"acf":{"activate_as_landingpage":false,"reading_list_title":"","reading_list_items":null,"show_in_compass":false,"title_in_compass":"","display_mini_user_guide":false},"yoast_head":"<!-- This site is optimized with the Yoast SEO Premium plugin v28.3 (Yoast SEO v28.3) - https:\/\/yoast.com\/product\/yoast-seo-premium-wordpress\/ -->\n<title>Sustainability - MILK.<\/title>\n<meta name=\"description\" content=\"Sustainability FAQ | Questions &amp; answers on sustainable packaging design\" \/>\n<meta name=\"robots\" content=\"index, follow, max-snippet:-1, max-image-preview:large, max-video-preview:-1\" \/>\n<link rel=\"canonical\" href=\"https:\/\/www.milk-food.de\/en\/faq\/sustainability\/\" \/>\n<meta property=\"og:locale\" content=\"en_US\" \/>\n<meta property=\"og:type\" content=\"article\" \/>\n<meta property=\"og:title\" content=\"Sustainability\" \/>\n<meta property=\"og:description\" content=\"Sustainability FAQ | Questions &amp; answers on sustainable packaging design\" \/>\n<meta property=\"og:url\" content=\"https:\/\/www.milk-food.de\/en\/faq\/sustainability\/\" \/>\n<meta property=\"og:site_name\" content=\"MILK.\" \/>\n<meta property=\"article:publisher\" content=\"https:\/\/www.facebook.com\/MILKDESIGNLAB\/\" \/>\n<meta property=\"article:modified_time\" content=\"2026-05-01T13:58:04+00:00\" \/>\n<meta property=\"og:image\" content=\"https:\/\/www.milk-food.de\/wp-content\/uploads\/2022\/03\/matthias-heyde-aBGYL-ue5xo-unsplash-1920x1080-1.jpg\" \/>\n\t<meta property=\"og:image:width\" content=\"1920\" \/>\n\t<meta property=\"og:image:height\" content=\"1080\" \/>\n\t<meta property=\"og:image:type\" content=\"image\/jpeg\" \/>\n<meta name=\"twitter:card\" content=\"summary_large_image\" \/>\n<meta name=\"twitter:label1\" content=\"Est. reading time\" \/>\n\t<meta name=\"twitter:data1\" content=\"6 minutes\" \/>\n<script type=\"application\/ld+json\" class=\"yoast-schema-graph\">{\"@context\":\"https:\\\/\\\/schema.org\",\"@graph\":[{\"@type\":\"WebPage\",\"@id\":\"https:\\\/\\\/www.milk-food.de\\\/en\\\/faq\\\/sustainability\\\/\",\"url\":\"https:\\\/\\\/www.milk-food.de\\\/en\\\/faq\\\/sustainability\\\/\",\"name\":\"Sustainability - MILK.\",\"isPartOf\":{\"@id\":\"https:\\\/\\\/www.milk-food.de\\\/en\\\/#website\"},\"primaryImageOfPage\":{\"@id\":\"https:\\\/\\\/www.milk-food.de\\\/en\\\/faq\\\/sustainability\\\/#primaryimage\"},\"image\":{\"@id\":\"https:\\\/\\\/www.milk-food.de\\\/en\\\/faq\\\/sustainability\\\/#primaryimage\"},\"thumbnailUrl\":\"https:\\\/\\\/www.milk-food.de\\\/wp-content\\\/uploads\\\/2022\\\/03\\\/matthias-heyde-aBGYL-ue5xo-unsplash-1920x1080-1.jpg\",\"datePublished\":\"2025-10-17T09:07:43+00:00\",\"dateModified\":\"2026-05-01T13:58:04+00:00\",\"description\":\"Sustainability FAQ | Questions & answers on sustainable packaging design\",\"breadcrumb\":{\"@id\":\"https:\\\/\\\/www.milk-food.de\\\/en\\\/faq\\\/sustainability\\\/#breadcrumb\"},\"inLanguage\":\"en-US\",\"potentialAction\":[{\"@type\":\"ReadAction\",\"target\":[\"https:\\\/\\\/www.milk-food.de\\\/en\\\/faq\\\/sustainability\\\/\"]}]},{\"@type\":\"ImageObject\",\"inLanguage\":\"en-US\",\"@id\":\"https:\\\/\\\/www.milk-food.de\\\/en\\\/faq\\\/sustainability\\\/#primaryimage\",\"url\":\"https:\\\/\\\/www.milk-food.de\\\/wp-content\\\/uploads\\\/2022\\\/03\\\/matthias-heyde-aBGYL-ue5xo-unsplash-1920x1080-1.jpg\",\"contentUrl\":\"https:\\\/\\\/www.milk-food.de\\\/wp-content\\\/uploads\\\/2022\\\/03\\\/matthias-heyde-aBGYL-ue5xo-unsplash-1920x1080-1.jpg\",\"width\":1920,\"height\":1080},{\"@type\":\"BreadcrumbList\",\"@id\":\"https:\\\/\\\/www.milk-food.de\\\/en\\\/faq\\\/sustainability\\\/#breadcrumb\",\"itemListElement\":[{\"@type\":\"ListItem\",\"position\":1,\"name\":\"Home\",\"item\":\"https:\\\/\\\/www.milk-food.de\\\/en\\\/food-packaging-design-agency-home\\\/\"},{\"@type\":\"ListItem\",\"position\":2,\"name\":\"FAQ\",\"item\":\"https:\\\/\\\/www.milk-food.de\\\/en\\\/faq\\\/\"},{\"@type\":\"ListItem\",\"position\":3,\"name\":\"Sustainability\"}]},{\"@type\":\"WebSite\",\"@id\":\"https:\\\/\\\/www.milk-food.de\\\/en\\\/#website\",\"url\":\"https:\\\/\\\/www.milk-food.de\\\/en\\\/\",\"name\":\"MILK.\",\"description\":\"Food &amp; Design\",\"publisher\":{\"@id\":\"https:\\\/\\\/www.milk-food.de\\\/en\\\/#organization\"},\"potentialAction\":[{\"@type\":\"SearchAction\",\"target\":{\"@type\":\"EntryPoint\",\"urlTemplate\":\"https:\\\/\\\/www.milk-food.de\\\/en\\\/?s={search_term_string}\"},\"query-input\":{\"@type\":\"PropertyValueSpecification\",\"valueRequired\":true,\"valueName\":\"search_term_string\"}}],\"inLanguage\":\"en-US\"},{\"@type\":[\"Organization\",\"Place\"],\"@id\":\"https:\\\/\\\/www.milk-food.de\\\/en\\\/#organization\",\"name\":\"MILK\",\"alternateName\":\"MILK Packaging Design\",\"url\":\"https:\\\/\\\/www.milk-food.de\\\/en\\\/\",\"logo\":{\"@id\":\"https:\\\/\\\/www.milk-food.de\\\/en\\\/faq\\\/sustainability\\\/#local-main-organization-logo\"},\"image\":{\"@id\":\"https:\\\/\\\/www.milk-food.de\\\/en\\\/faq\\\/sustainability\\\/#local-main-organization-logo\"},\"sameAs\":[\"https:\\\/\\\/www.facebook.com\\\/MILKDESIGNLAB\\\/\",\"https:\\\/\\\/www.instagram.com\\\/milkdesignlab\\\/\"],\"legalName\":\"M.I.L.K. Agentur f\u00fcr moderne Kommunikation GmbH\",\"telephone\":[],\"openingHoursSpecification\":[{\"@type\":\"OpeningHoursSpecification\",\"dayOfWeek\":[\"Monday\",\"Tuesday\",\"Wednesday\",\"Thursday\",\"Friday\",\"Saturday\",\"Sunday\"],\"opens\":\"09:00\",\"closes\":\"17:00\"}]},{\"@type\":\"ImageObject\",\"inLanguage\":\"en-US\",\"@id\":\"https:\\\/\\\/www.milk-food.de\\\/en\\\/faq\\\/sustainability\\\/#local-main-organization-logo\",\"url\":\"https:\\\/\\\/www.milk-food.de\\\/wp-content\\\/uploads\\\/2026\\\/08\\\/milk-design-logo.png\",\"contentUrl\":\"https:\\\/\\\/www.milk-food.de\\\/wp-content\\\/uploads\\\/2026\\\/08\\\/milk-design-logo.png\",\"width\":1254,\"height\":1254,\"caption\":\"MILK\"}]}<\/script>\n<!-- \/ Yoast SEO Premium plugin. -->","yoast_head_json":{"title":"Sustainability - MILK.","description":"Sustainability FAQ | Questions & answers on sustainable packaging design","robots":{"index":"index","follow":"follow","max-snippet":"max-snippet:-1","max-image-preview":"max-image-preview:large","max-video-preview":"max-video-preview:-1"},"canonical":"https:\/\/www.milk-food.de\/en\/faq\/sustainability\/","og_locale":"en_US","og_type":"article","og_title":"Sustainability","og_description":"Sustainability FAQ | Questions & answers on sustainable packaging design","og_url":"https:\/\/www.milk-food.de\/en\/faq\/sustainability\/","og_site_name":"MILK.","article_publisher":"https:\/\/www.facebook.com\/MILKDESIGNLAB\/","article_modified_time":"2026-05-01T13:58:04+00:00","og_image":[{"width":1920,"height":1080,"url":"https:\/\/www.milk-food.de\/wp-content\/uploads\/2022\/03\/matthias-heyde-aBGYL-ue5xo-unsplash-1920x1080-1.jpg","type":"image\/jpeg"}],"twitter_card":"summary_large_image","twitter_misc":{"Est. reading time":"6 minutes"},"schema":{"@context":"https:\/\/schema.org","@graph":[{"@type":"WebPage","@id":"https:\/\/www.milk-food.de\/en\/faq\/sustainability\/","url":"https:\/\/www.milk-food.de\/en\/faq\/sustainability\/","name":"Sustainability - MILK.","isPartOf":{"@id":"https:\/\/www.milk-food.de\/en\/#website"},"primaryImageOfPage":{"@id":"https:\/\/www.milk-food.de\/en\/faq\/sustainability\/#primaryimage"},"image":{"@id":"https:\/\/www.milk-food.de\/en\/faq\/sustainability\/#primaryimage"},"thumbnailUrl":"https:\/\/www.milk-food.de\/wp-content\/uploads\/2022\/03\/matthias-heyde-aBGYL-ue5xo-unsplash-1920x1080-1.jpg","datePublished":"2025-10-17T09:07:43+00:00","dateModified":"2026-05-01T13:58:04+00:00","description":"Sustainability FAQ | Questions & answers on sustainable packaging design","breadcrumb":{"@id":"https:\/\/www.milk-food.de\/en\/faq\/sustainability\/#breadcrumb"},"inLanguage":"en-US","potentialAction":[{"@type":"ReadAction","target":["https:\/\/www.milk-food.de\/en\/faq\/sustainability\/"]}]},{"@type":"ImageObject","inLanguage":"en-US","@id":"https:\/\/www.milk-food.de\/en\/faq\/sustainability\/#primaryimage","url":"https:\/\/www.milk-food.de\/wp-content\/uploads\/2022\/03\/matthias-heyde-aBGYL-ue5xo-unsplash-1920x1080-1.jpg","contentUrl":"https:\/\/www.milk-food.de\/wp-content\/uploads\/2022\/03\/matthias-heyde-aBGYL-ue5xo-unsplash-1920x1080-1.jpg","width":1920,"height":1080},{"@type":"BreadcrumbList","@id":"https:\/\/www.milk-food.de\/en\/faq\/sustainability\/#breadcrumb","itemListElement":[{"@type":"ListItem","position":1,"name":"Home","item":"https:\/\/www.milk-food.de\/en\/food-packaging-design-agency-home\/"},{"@type":"ListItem","position":2,"name":"FAQ","item":"https:\/\/www.milk-food.de\/en\/faq\/"},{"@type":"ListItem","position":3,"name":"Sustainability"}]},{"@type":"WebSite","@id":"https:\/\/www.milk-food.de\/en\/#website","url":"https:\/\/www.milk-food.de\/en\/","name":"MILK.","description":"Food &amp; Design","publisher":{"@id":"https:\/\/www.milk-food.de\/en\/#organization"},"potentialAction":[{"@type":"SearchAction","target":{"@type":"EntryPoint","urlTemplate":"https:\/\/www.milk-food.de\/en\/?s={search_term_string}"},"query-input":{"@type":"PropertyValueSpecification","valueRequired":true,"valueName":"search_term_string"}}],"inLanguage":"en-US"},{"@type":["Organization","Place"],"@id":"https:\/\/www.milk-food.de\/en\/#organization","name":"MILK","alternateName":"MILK Packaging Design","url":"https:\/\/www.milk-food.de\/en\/","logo":{"@id":"https:\/\/www.milk-food.de\/en\/faq\/sustainability\/#local-main-organization-logo"},"image":{"@id":"https:\/\/www.milk-food.de\/en\/faq\/sustainability\/#local-main-organization-logo"},"sameAs":["https:\/\/www.facebook.com\/MILKDESIGNLAB\/","https:\/\/www.instagram.com\/milkdesignlab\/"],"legalName":"M.I.L.K. Agentur f\u00fcr moderne Kommunikation GmbH","telephone":[],"openingHoursSpecification":[{"@type":"OpeningHoursSpecification","dayOfWeek":["Monday","Tuesday","Wednesday","Thursday","Friday","Saturday","Sunday"],"opens":"09:00","closes":"17:00"}]},{"@type":"ImageObject","inLanguage":"en-US","@id":"https:\/\/www.milk-food.de\/en\/faq\/sustainability\/#local-main-organization-logo","url":"https:\/\/www.milk-food.de\/wp-content\/uploads\/2026\/08\/milk-design-logo.png","contentUrl":"https:\/\/www.milk-food.de\/wp-content\/uploads\/2026\/08\/milk-design-logo.png","width":1254,"height":1254,"caption":"MILK"}]}},"_links":{"self":[{"href":"https:\/\/www.milk-food.de\/en\/wp-json\/wp\/v2\/pages\/852989","targetHints":{"allow":["GET"]}}],"collection":[{"href":"https:\/\/www.milk-food.de\/en\/wp-json\/wp\/v2\/pages"}],"about":[{"href":"https:\/\/www.milk-food.de\/en\/wp-json\/wp\/v2\/types\/page"}],"author":[{"embeddable":true,"href":"https:\/\/www.milk-food.de\/en\/wp-json\/wp\/v2\/users\/2"}],"replies":[{"embeddable":true,"href":"https:\/\/www.milk-food.de\/en\/wp-json\/wp\/v2\/comments?post=852989"}],"version-history":[{"count":2,"href":"https:\/\/www.milk-food.de\/en\/wp-json\/wp\/v2\/pages\/852989\/revisions"}],"predecessor-version":[{"id":859086,"href":"https:\/\/www.milk-food.de\/en\/wp-json\/wp\/v2\/pages\/852989\/revisions\/859086"}],"up":[{"embeddable":true,"href":"https:\/\/www.milk-food.de\/en\/wp-json\/wp\/v2\/pages\/849677"}],"wp:featuredmedia":[{"embeddable":true,"href":"https:\/\/www.milk-food.de\/en\/wp-json\/wp\/v2\/media\/841528"}],"wp:attachment":[{"href":"https:\/\/www.milk-food.de\/en\/wp-json\/wp\/v2\/media?parent=852989"}],"curies":[{"name":"wp","href":"https:\/\/api.w.org\/{rel}","templated":true}]}}